{"id":11,"date":"2024-06-05T17:30:55","date_gmt":"2024-06-05T17:30:55","guid":{"rendered":"https:\/\/barrososemminas.org\/2024\/?page_id=11"},"modified":"2025-07-28T11:23:19","modified_gmt":"2025-07-28T11:23:19","slug":"transportes","status":"publish","type":"page","link":"https:\/\/barrososemminas.org\/2025\/transportes\/","title":{"rendered":"\u25cf TRANSPORTES"},"content":{"rendered":"\n<h2 class=\" wp-block-heading eplus-wrapper\" style=\"padding-top:0;padding-right:0;padding-bottom:0;padding-left:0\">Como chegar<\/h2>\n\n\n\n<p class=\" eplus-wrapper\">Est\u00e1s prestes a viajar a um pequeno para\u00edso escondido. E como todos os para\u00edsos, o problema \u00e9 chegar at\u00e9 l\u00e1!<\/p>\n\n\n\n<p class=\" eplus-wrapper\">A Aldeia de Covas do Barroso fica no concelho de Boticas, a aproximadamente 450km de Lisboa e 140km do Porto. Podes ver o <a href=\"https:\/\/osm.org\/go\/b80vPw2Pk--?m=\">mapa aqui<\/a><\/p>\n\n\n\n<h2 class=\" wp-block-heading eplus-wrapper\" id=\"magicdomid191\">Partilhar viagens de carro<\/h2>\n\n\n\n<p class=\" eplus-wrapper\">A forma mais c\u00f3moda de chegar a Covas do Barroso \u00e9 de carro, mas para tirar o melhor partido deste meio de transporte poluente, podes procurar uma ou partilhar uma boleia aqui: <a href=\"https:\/\/app.caroster.io\/e\/fdc7c94e-00db-4666-94ec-2d426f5bf385\/\">link aqui<\/a><\/p>\n\n\n\n<h2 class=\" wp-block-heading eplus-wrapper\" id=\"magicdomid181\">Viagem de autocarro at\u00e9 Chaves<\/h2>\n\n\n\n<p class=\" eplus-wrapper\">A <a href=\"https:\/\/rede-expressos.pt\/pt\">rede expressos<\/a> e a <a href=\"https:\/\/www.flixbus.pt\/\">Flixbus<\/a> t\u00eam v\u00e1rios autocarros at\u00e9 Chaves.<\/p>\n\n\n\n<h2 class=\" wp-block-heading eplus-wrapper\">Viagem de autocarro Chaves &#8211; Covas do Barroso<\/h2>\n\n\n\n<p class=\" eplus-wrapper\">Autocarro da empresa <strong>FlaviaMobil (IM003): Chaves &#8211; Romainho\n(Aten\u00e7\u00e3o: este autocarro n\u00e3o funciona aos feriados e fins-de-semana)<\/strong>.<\/p>\n\n\n\n\n\n<p class=\" eplus-wrapper\"><br>Em Chaves, os autocarros saem de da Esta\u00e7\u00e3o Central de Chaves, junto ao Agrupamento de Escolas Dr. J\u00falio Martins.<\/p>\n\n\n\n\n\n\n<h6 class=\" wp-block-heading eplus-wrapper\"><br>Partidas de Chaves<\/h6>\n\n\n<ul class=\" wp-block-list eplus-wrapper eplus-styles-uid-5b5cf7\">\n<li class=\" eplus-wrapper\">13:30 (chega a Covas do Barroso \u00e0s 14:48)<\/li>\n\n\n\n<li class=\" eplus-wrapper\">18:30 (chega a Covas do Barroso \u00e0s 19:33)<\/li>\n<\/ul>\n\n\n<h6 class=\" wp-block-heading eplus-wrapper\"><br>Partidas de Covas do Barroso (largo do Cruzeiro)<\/h6>\n\n\n<ul class=\" wp-block-list eplus-wrapper eplus-styles-uid-8d9f8f\">\n<li class=\" eplus-wrapper\">6:43 (chega a Chaves \u00e0s 8:17)<\/li>\n\n\n\n<li class=\" eplus-wrapper\">15:00 &#8211; embora no hor\u00e1rio apare\u00e7a \u00e0s 14h (chega a Chaves \u00e0s 16:21)<\/li>\n<\/ul>\n\n<figure class=\" wp-block-image size-large eplus-wrapper eplus-styles-uid-fa1e9e\"><img loading=\"lazy\" decoding=\"async\" width=\"1024\" height=\"683\" src=\"https:\/\/barrososemminas.org\/2024\/wp-content\/uploads\/2024\/06\/IMG-20210815-WA0031-1024x683.jpg\" alt=\"\" class=\"wp-image-164\" srcset=\"https:\/\/barrososemminas.org\/2025\/wp-content\/uploads\/2024\/06\/IMG-20210815-WA0031-1024x683.jpg 1024w, https:\/\/barrososemminas.org\/2025\/wp-content\/uploads\/2024\/06\/IMG-20210815-WA0031-300x200.jpg 300w, https:\/\/barrososemminas.org\/2025\/wp-content\/uploads\/2024\/06\/IMG-20210815-WA0031-768x512.jpg 768w, https:\/\/barrososemminas.org\/2025\/wp-content\/uploads\/2024\/06\/IMG-20210815-WA0031-1536x1024.jpg 1536w, https:\/\/barrososemminas.org\/2025\/wp-content\/uploads\/2024\/06\/IMG-20210815-WA0031.jpg 1750w\" sizes=\"auto, (max-width: 1024px) 100vw, 1024px\" \/><\/figure>","protected":false},"excerpt":{"rendered":"<p>Como chegar Est\u00e1s prestes a viajar a um pequeno para\u00edso escondido. E como todos os para\u00edsos, o problema \u00e9 chegar at\u00e9 l\u00e1! A Aldeia de Covas do Barroso fica no concelho de Boticas, a aproximadamente 450km de Lisboa e 140km do Porto. Podes ver o mapa aqui Partilhar viagens de carro A forma mais c\u00f3moda [&hellip;]<\/p>\n","protected":false},"author":1,"featured_media":101,"parent":0,"menu_order":0,"comment_status":"closed","ping_status":"closed","template":"","meta":{"editor_plus_copied_stylings":"{}","footnotes":""},"class_list":["post-11","page","type-page","status-publish","has-post-thumbnail","hentry"],"_links":{"self":[{"href":"https:\/\/barrososemminas.org\/2025\/wp-json\/wp\/v2\/pages\/11","targetHints":{"allow":["GET"]}}],"collection":[{"href":"https:\/\/barrososemminas.org\/2025\/wp-json\/wp\/v2\/pages"}],"about":[{"href":"https:\/\/barrososemminas.org\/2025\/wp-json\/wp\/v2\/types\/page"}],"author":[{"embeddable":true,"href":"https:\/\/barrososemminas.org\/2025\/wp-json\/wp\/v2\/users\/1"}],"replies":[{"embeddable":true,"href":"https:\/\/barrososemminas.org\/2025\/wp-json\/wp\/v2\/comments?post=11"}],"version-history":[{"count":28,"href":"https:\/\/barrososemminas.org\/2025\/wp-json\/wp\/v2\/pages\/11\/revisions"}],"predecessor-version":[{"id":591,"href":"https:\/\/barrososemminas.org\/2025\/wp-json\/wp\/v2\/pages\/11\/revisions\/591"}],"wp:featuredmedia":[{"embeddable":true,"href":"https:\/\/barrososemminas.org\/2025\/wp-json\/wp\/v2\/media\/101"}],"wp:attachment":[{"href":"https:\/\/barrososemminas.org\/2025\/wp-json\/wp\/v2\/media?parent=11"}],"curies":[{"name":"wp","href":"https:\/\/api.w.org\/{rel}","templated":true}]}}