{"id":61,"date":"2021-07-15T22:04:47","date_gmt":"2021-07-15T22:04:47","guid":{"rendered":"https:\/\/barrososemminas.org\/2022\/?page_id=61"},"modified":"2021-07-19T11:49:34","modified_gmt":"2021-07-19T11:49:34","slug":"amigos","status":"publish","type":"page","link":"https:\/\/barrososemminas.org\/2022\/coletivos\/amigos\/","title":{"rendered":"Amigos"},"content":{"rendered":"<div id=\"wppb-builder-container\" class=\"wppb-builder-container\">                <div  class=\"wppb-row-parent  wppb-row-1626969339875 \"  >\n\t\t\t\t\t\n\t\t\t\t\t\t\t\t\t\t\n\t\t\t\t\t\t\t\t\t\t\n\t\t\t\t\t<div class=\"wppb-container \">\n\t\t\t\t\t\t\t\t\t\t\t\t\t\n                        <div class=\"wppb-row\">\n\t\t\t\t\t\t\t                                    <div  class=\"wppb-column-parent wppb-column-parent-view wppb-col-1626969339874  \"  >\n                                        <div class=\"wppb-column\">\n\t\t\t\t\t\n\t\t\t\t\t\t\t\t\t\t\t\n                                            <div class=\"wppb-builder-addons\">\n\t\t\t\t\t\t\t\t\t\t\t\t<div class='wppb-builder-addon wppb-addon-1626969356338'  data-addon-id='1626969356338'><div class='wppb-addon'><div class=\"wppb-headline-addon\"><div class=\"wppb-headline-content\"><h1 class=\"wppb-addon-title\">Colectivos amigos<\/h1><\/div><\/div><\/div><\/div>                                            <\/div>\n                                        <\/div>\n                                    <\/div>\n\t\t\t\t\t\t\t\t\t                        <\/div>\n\n                    <\/div>\n                <\/div>\n\t\t\t\t                <div  class=\"wppb-row-parent  wppb-row-1627476376172 \"  >\n\t\t\t\t\t\n\t\t\t\t\t\t\t\t\t\t\n\t\t\t\t\t\t\t\t\t\t\n\t\t\t\t\t<div class=\"wppb-container \">\n\t\t\t\t\t\t\t\t\t\t\t\t\t\n                        <div class=\"wppb-row\">\n\t\t\t\t\t\t\t                                    <div  class=\"wppb-column-parent wppb-column-parent-view wppb-col-1627476376173  \"  >\n                                        <div class=\"wppb-column\">\n\t\t\t\t\t\n\t\t\t\t\t\t\t\t\t\t\t\n                                            <div class=\"wppb-builder-addons\">\n\t\t\t\t\t\t\t\t\t\t\t\t<div class='wppb-builder-addon wppb-addon-1627476376174'  data-addon-id='1627476376174'><div class='wppb-addon'><div class=\"wppb-person-addon\"><div class=\"wppb-person-addon-content person-layout-three\"><div class=\"wppb-person-media\"><div class=\"wppb-person-image\"><img class=\"wppb-person-addon-img\" src=\"https:\/\/barrososemminas.org\/2022\/wp-content\/uploads\/2021\/07\/greve.jpg\" alt=\"Greve Clim\u00e1tica\"><\/div><div class=\"wppb-person-media-body\"><div class=\"wppb-person-information\"><span class=\"wppb-person-name\"><a  href=\"https:\/\/m.facebook.com\/greveclimaticaestudantil\/\" target=_blank>Greve Clim\u00e1tica<\/a><\/span><div class=\"wppb-person-introtext\"> A Greve Clim\u00e1tica Estudantil \u00e9 um coletivo de estudantes que luta por justi\u00e7a clim\u00e1tica. \u00c9 um coletivo que est\u00e1 inserido no movimento internacional: Fridays For Future, que se organiza em n\u00facleos locais espalhados um pouco por todo o pa\u00eds. <\/div><\/div><ul class=\"wppb-person-social\"><li class=\"repeater-0\"><span class=\"wppb-person-social-list\"><a href=\"https:\/\/m.facebook.com\/greveclimaticaestudantil\/\" target=\"_blank\"><i class=\"fab fa-facebook-square\"><\/i><\/a><\/span><\/li><li class=\"repeater-1\"><span class=\"wppb-person-social-list\"><a href=\"https:\/\/mobile.twitter.com\/fffportugal\" target=\"_blank\"><i class=\"fab fa-twitter-square\"><\/i><\/a><\/span><\/li><li class=\"repeater-2\"><span class=\"wppb-person-social-list\"><a href=\"https:\/\/instagram.com\/greveclimaticaestudantil?utm_medium=copy_link\" target=\"_blank\"><i class=\"fab fa-instagram\"><\/i><\/a><\/span><\/li><\/ul><\/div><\/div><\/div><\/div><\/div><\/div>                                            <\/div>\n                                        <\/div>\n                                    <\/div>\n\t\t\t\t\t\t\t\t\t                        <\/div>\n\n                    <\/div>\n                <\/div>\n\t\t\t\t                <div  class=\"wppb-row-parent  wppb-row-1628022788244 \"  >\n\t\t\t\t\t\n\t\t\t\t\t\t\t\t\t\t\n\t\t\t\t\t\t\t\t\t\t\n\t\t\t\t\t<div class=\"wppb-container \">\n\t\t\t\t\t\t\t\t\t\t\t\t\t\n                        <div class=\"wppb-row\">\n\t\t\t\t\t\t\t                        <\/div>\n\n                    <\/div>\n                <\/div>\n\t\t\t\t                <div  class=\"wppb-row-parent  wppb-row-1627211078738 \"  >\n\t\t\t\t\t\n\t\t\t\t\t\t\t\t\t\t\n\t\t\t\t\t\t\t\t\t\t\n\t\t\t\t\t<div class=\"wppb-container \">\n\t\t\t\t\t\t\t\t\t\t\t\t\t\n                        <div class=\"wppb-row\">\n\t\t\t\t\t\t\t                                    <div  class=\"wppb-column-parent wppb-column-parent-view wppb-col-1627211078739  \"  >\n                                        <div class=\"wppb-column\">\n\t\t\t\t\t\n\t\t\t\t\t\t\t\t\t\t\t\n                                            <div class=\"wppb-builder-addons\">\n\t\t\t\t\t\t\t\t\t\t\t\t<div class='wppb-builder-addon wppb-addon-1627211078740'  data-addon-id='1627211078740'><div class='wppb-addon'><div class=\"wppb-person-addon\"><div class=\"wppb-person-addon-content person-layout-three\"><div class=\"wppb-person-media\"><div class=\"wppb-person-image\"><img class=\"wppb-person-addon-img\" src=\"https:\/\/barrososemminas.org\/2022\/wp-content\/uploads\/2021\/08\/guilhotina.png\" alt=\"Guilhotina.info\"><\/div><div class=\"wppb-person-media-body\"><div class=\"wppb-person-information\"><span class=\"wppb-person-name\"><a  href=\"https:\/\/guilhotina.info\/\" target=_blank>Guilhotina.info<\/a><\/span><div class=\"wppb-person-introtext\">A Guilhotina.info \u00e9 um colectivo de informa\u00e7\u00e3o independente nascido a 15 de Setembro de 2013, a data da sua primeira publica\u00e7\u00e3o. \u00c9 composta por revolucion\u00e1rios e revolucion\u00e1rias de v\u00e1rias estirpes e preocupa\u00e7\u00f5es que partilham um \u00f3dio m\u00fatuo ao capitalismo.\n\nEm contraponto a um mundo que morre por mil cortes para garantir o lucro de capitalistas obscenamente ricos atrav\u00e9s de hecatombes ambientais, guerras eternas e mis\u00e9ria humana, n\u00f3s lutamos para ajudar a encontrar o caminho para um mundo justo por entre hist\u00f3rias de vit\u00f3rias e derrotas, verdades e mentiras \u2013 e as li\u00e7\u00f5es que estas t\u00eam para aqueles e aquelas que est\u00e3o fartos de viver no fim dos tempos e querem de novo o futuro.<\/div><\/div><ul class=\"wppb-person-social\"><li class=\"repeater-0\"><span class=\"wppb-person-social-list\"><a href=\"https:\/\/www.facebook.com\/guilhotina.info\" target=\"_blank\"><i class=\"fab fa-facebook-square\"><\/i><\/a><\/span><\/li><li class=\"repeater-1\"><span class=\"wppb-person-social-list\"><a href=\"https:\/\/twitter.com\/Guilhotinainfo\" target=\"_blank\"><i class=\"fab fa-twitter-square\"><\/i><\/a><\/span><\/li><li class=\"repeater-2\"><span class=\"wppb-person-social-list\"><a href=\"https:\/\/www.instagram.com\/guilhotina.info\/\" target=\"_blank\"><i class=\"fab fa-instagram\"><\/i><\/a><\/span><\/li><\/ul><\/div><\/div><\/div><\/div><\/div><\/div>                                            <\/div>\n                                        <\/div>\n                                    <\/div>\n\t\t\t\t\t\t\t\t\t                        <\/div>\n\n                    <\/div>\n                <\/div>\n\t\t\t\t                <div  class=\"wppb-row-parent  wppb-row-1628342737266 \"  >\n\t\t\t\t\t\n\t\t\t\t\t\t\t\t\t\t\n\t\t\t\t\t\t\t\t\t\t\n\t\t\t\t\t<div class=\"wppb-container \">\n\t\t\t\t\t\t\t\t\t\t\t\t\t\n                        <div class=\"wppb-row\">\n\t\t\t\t\t\t\t                        <\/div>\n\n                    <\/div>\n                <\/div>\n\t\t\t\t                <div  class=\"wppb-row-parent  wppb-row-1628100706259 \"  >\n\t\t\t\t\t\n\t\t\t\t\t\t\t\t\t\t\n\t\t\t\t\t\t\t\t\t\t\n\t\t\t\t\t<div class=\"wppb-container \">\n\t\t\t\t\t\t\t\t\t\t\t\t\t\n                        <div class=\"wppb-row\">\n\t\t\t\t\t\t\t                                    <div  class=\"wppb-column-parent wppb-column-parent-view wppb-col-1628100706260  \"  >\n                                        <div class=\"wppb-column\">\n\t\t\t\t\t\n\t\t\t\t\t\t\t\t\t\t\t\n                                            <div class=\"wppb-builder-addons\">\n\t\t\t\t\t\t\t\t\t\t\t\t<div class='wppb-builder-addon wppb-addon-1628100706261'  data-addon-id='1628100706261'><div class='wppb-addon'><div class=\"wppb-person-addon\"><div class=\"wppb-person-addon-content person-layout-three\"><div class=\"wppb-person-media\"><div class=\"wppb-person-image\"><img class=\"wppb-person-addon-img\" src=\"https:\/\/barrososemminas.org\/2022\/wp-content\/uploads\/2021\/08\/mapa.png\" alt=\"Jornal Mapa\"><\/div><div class=\"wppb-person-media-body\"><div class=\"wppb-person-information\"><span class=\"wppb-person-name\"><a  href=\"https:\/\/jornalmapa.pt\" target=_blank>Jornal Mapa<\/a><\/span><div class=\"wppb-person-introtext\">Jornal trimestral de informa\u00e7\u00e3o cr\u00edtica<\/div><\/div><ul class=\"wppb-person-social\"><li class=\"repeater-0\"><span class=\"wppb-person-social-list\"><a href=\"https:\/\/pt-pt.facebook.com\/jornal.mapa\" target=\"_blank\"><i class=\"fab fa-facebook-square\"><\/i><\/a><\/span><\/li><li class=\"repeater-1\"><span class=\"wppb-person-social-list\"><a href=\"https:\/\/twitter.com\/jornalmapa\" target=\"_blank\"><i class=\"fab fa-twitter-square\"><\/i><\/a><\/span><\/li><li class=\"repeater-2\"><span class=\"wppb-person-social-list\"><a href=\"https:\/\/t.me\/jornalMAPA\" target=\"_blank\"><i class=\"fab fa-telegram\"><\/i><\/a><\/span><\/li><li class=\"repeater-3\"><span class=\"wppb-person-social-list\"><a href=\"https:\/\/musicajornalomapa.bandcamp.com\/releases\" target=\"_blank\"><i class=\"fab fa-slack\"><\/i><\/a><\/span><\/li><li class=\"repeater-4\"><span class=\"wppb-person-social-list\"><a href=\"https:\/\/www.instagram.com\/jornalmapa\/\" target=\"_blank\"><i class=\"fab fa-linkedin\"><\/i><\/a><\/span><\/li><\/ul><\/div><\/div><\/div><\/div><\/div><\/div>                                            <\/div>\n                                        <\/div>\n                                    <\/div>\n\t\t\t\t\t\t\t\t\t                        <\/div>\n\n                    <\/div>\n                <\/div>\n\t\t\t\t                <div  class=\"wppb-row-parent  wppb-row-1626786824203 \"  >\n\t\t\t\t\t\n\t\t\t\t\t\t\t\t\t\t\n\t\t\t\t\t\t\t\t\t\t\n\t\t\t\t\t<div class=\"wppb-container \">\n\t\t\t\t\t\t\t\t\t\t\t\t\t\n                        <div class=\"wppb-row\">\n\t\t\t\t\t\t\t                                    <div  class=\"wppb-column-parent wppb-column-parent-view wppb-col-1626786824202  \"  >\n                                        <div class=\"wppb-column\">\n\t\t\t\t\t\n\t\t\t\t\t\t\t\t\t\t\t\n                                            <div class=\"wppb-builder-addons\">\n\t\t\t\t\t\t\t\t\t\t\t\t<div class='wppb-builder-addon wppb-addon-1626786899721'  data-addon-id='1626786899721'><div class='wppb-addon'><div class=\"wppb-person-addon\"><div class=\"wppb-person-addon-content person-layout-three\"><div class=\"wppb-person-media\"><div class=\"wppb-person-image\"><img class=\"wppb-person-addon-img\" src=\"https:\/\/barrososemminas.org\/2022\/wp-content\/uploads\/2021\/07\/coletivos.jpeg\" alt=\"coletivos.org\"><\/div><div class=\"wppb-person-media-body\"><div class=\"wppb-person-information\"><span class=\"wppb-person-name\"><a  href=\"https:\/\/coletivos.org\" target=_blank>coletivos.org<\/a><\/span><div class=\"wppb-person-introtext\"> N\u00f3s somos um coletivo que fornece espa\u00e7o a outros coletivos na internet, para debater, partilhar, conversar, mail e uma rede social! Queremos um espa\u00e7o na internet onde sejamos soberanos dos nossos dados e das nossas redes, sendo a confian\u00e7a criada atrav\u00e9s de provas de coopera\u00e7\u00e3o.<\/div><\/div><ul class=\"wppb-person-social\"><li class=\"repeater-0\"><span class=\"wppb-person-social-list\"><a href=\"https:\/\/social.coletivos.org\/public\" target=\"_blank\"><i class=\"fab fa-twitter\"><\/i><\/a><\/span><\/li><li class=\"repeater-1\"><span class=\"wppb-person-social-list\"><a href=\"https:\/\/videos.coletivos.org\" target=\"_blank\"><i class=\"fab fa-youtube\"><\/i><\/a><\/span><\/li><li class=\"repeater-2\"><span class=\"wppb-person-social-list\"><a href=\"https:\/\/eventos.coletivos.org\" target=\"_blank\"><i class=\"fab fa-dribbble\"><\/i><\/a><\/span><\/li><\/ul><\/div><\/div><\/div><\/div><\/div><\/div>                                            <\/div>\n                                        <\/div>\n                                    <\/div>\n\t\t\t\t\t\t\t\t\t                        <\/div>\n\n                    <\/div>\n                <\/div>\n\t\t\t\t                <div id=\"footer\" class=\"wppb-row-parent  wppb-row-1628013534544 \"  >\n\t\t\t\t\t\n\t\t\t\t\t                        <div class=\"wppb-shape-container wppb-top-shape\">\n\t\t\t\t\t\t\t<svg xmlns=\"http:\/\/www.w3.org\/2000\/svg\" viewBox=\"0 0 1000 100\" preserveAspectRatio=\"none\">\n    <path d=\"M0,6V0H1000V100Z\" transform=\"translate(0 0)\"\/>\n<\/svg>\t\t\t\t\t\t<\/div>\n\t\t\t\t\t\t\t\t\t\t\n\t\t\t\t\t\t\t\t\t\t\n\t\t\t\t\t<div class=\"wppb-container \">\n\t\t\t\t\t\t\t\t\t\t\t\t\t\n                        <div class=\"wppb-row\">\n\t\t\t\t\t\t\t                                    <div  class=\"wppb-column-parent wppb-column-parent-view wppb-col-1628013534545  \"  >\n                                        <div class=\"wppb-column\">\n\t\t\t\t\t\n\t\t\t\t\t\t\t\t\t\t\t\n                                            <div class=\"wppb-builder-addons\">\n\t\t\t\t\t\t\t\t\t\t\t\t<div class='wppb-builder-addon wppb-widget-1628010577180 wppb-addon-1628010577180'  data-addon-id='1628010577180'><div class='wppb-widget'><nav class=\"menu-1-container\" aria-label=\"Menu\"><ul id=\"menu-1\" class=\"menu\"><li id=\"menu-item-426\" class=\"menu-item menu-item-type-post_type menu-item-object-page menu-item-has-children menu-item-426\"><a href=\"https:\/\/barrososemminas.org\/2022\/acampada\/\">ACAMPADA<\/a>\n<ul class=\"sub-menu\">\n\t<li id=\"menu-item-427\" class=\"menu-item menu-item-type-post_type menu-item-object-page menu-item-home menu-item-427\"><a href=\"https:\/\/barrososemminas.org\/2022\/\">Manifesto<\/a><\/li>\n\t<li id=\"menu-item-692\" class=\"menu-item menu-item-type-custom menu-item-object-custom menu-item-692\"><a href=\"https:\/\/2021.barrososemminas.org\/2022\">Acampada 2021<\/a><\/li>\n<\/ul>\n<\/li>\n<\/ul><\/nav><\/div><\/div>                                            <\/div>\n                                        <\/div>\n                                    <\/div>\n\t\t\t\t\t\t\t\t\t                                    <div  class=\"wppb-column-parent wppb-column-parent-view wppb-col-1628013534547  \"  >\n                                        <div class=\"wppb-column\">\n\t\t\t\t\t\n\t\t\t\t\t\t\t\t\t\t\t\n                                            <div class=\"wppb-builder-addons\">\n\t\t\t\t\t\t\t\t\t\t\t\t<div class='wppb-builder-addon wppb-widget-1628010589973 wppb-addon-1628010589973'  data-addon-id='1628010589973'><div class='wppb-widget'><nav class=\"menu-2-container\" aria-label=\"Menu\"><ul id=\"menu-2\" class=\"menu\"><li id=\"menu-item-432\" class=\"menu-item menu-item-type-post_type menu-item-object-page menu-item-has-children menu-item-432\"><a href=\"https:\/\/barrososemminas.org\/2022\/apoiar\/\">COMO PARTICIPAR<\/a>\n<ul class=\"sub-menu\">\n\t<li id=\"menu-item-434\" class=\"menu-item menu-item-type-post_type menu-item-object-page menu-item-434\"><a href=\"https:\/\/barrososemminas.org\/2022\/apoiar\/como-chegar\/\">Como chegar<\/a><\/li>\n\t<li id=\"menu-item-435\" class=\"menu-item menu-item-type-post_type menu-item-object-page menu-item-435\"><a href=\"https:\/\/barrososemminas.org\/2022\/apoiar\/donativos\/\">Donativos<\/a><\/li>\n<\/ul>\n<\/li>\n<\/ul><\/nav><\/div><\/div>                                            <\/div>\n                                        <\/div>\n                                    <\/div>\n\t\t\t\t\t\t\t\t\t                                    <div  class=\"wppb-column-parent wppb-column-parent-view wppb-col-1628013534549  \"  >\n                                        <div class=\"wppb-column\">\n\t\t\t\t\t\n\t\t\t\t\t\t\t\t\t\t\t\n                                            <div class=\"wppb-builder-addons\">\n\t\t\t\t\t\t\t\t\t\t\t\t<div class='wppb-builder-addon wppb-widget-1628010290301 wppb-addon-1628010290301'  data-addon-id='1628010290301'><div class='wppb-widget'><nav class=\"menu-3-container\" aria-label=\"Menu\"><ul id=\"menu-3\" class=\"menu\"><li id=\"menu-item-438\" class=\"menu-item menu-item-type-post_type menu-item-object-page menu-item-has-children menu-item-438\"><a href=\"https:\/\/barrososemminas.org\/2022\/coletivos\/\">COLETIVOS<\/a>\n<ul class=\"sub-menu\">\n\t<li id=\"menu-item-440\" class=\"menu-item menu-item-type-post_type menu-item-object-page menu-item-440\"><a href=\"https:\/\/barrososemminas.org\/2022\/coletivos\/locais\/\">Do Barroso<\/a><\/li>\n\t<li id=\"menu-item-693\" class=\"menu-item menu-item-type-post_type menu-item-object-page menu-item-693\"><a href=\"https:\/\/barrososemminas.org\/2022\/coletivos\/amigos\/\">Amigos<\/a><\/li>\n<\/ul>\n<\/li>\n<\/ul><\/nav><\/div><\/div>                                            <\/div>\n                                        <\/div>\n                                    <\/div>\n\t\t\t\t\t\t\t\t\t                                    <div  class=\"wppb-column-parent wppb-column-parent-view wppb-col-1628013534551  \"  >\n                                        <div class=\"wppb-column\">\n\t\t\t\t\t\n\t\t\t\t\t\t\t\t\t\t\t\n                                            <div class=\"wppb-builder-addons\">\n\t\t\t\t\t\t\t\t\t\t\t\t<div class='wppb-builder-addon wppb-widget-1628010599014 wppb-addon-1628010599014'  data-addon-id='1628010599014'><div class='wppb-widget'><nav class=\"menu-4-container\" aria-label=\"Menu\"><ul id=\"menu-4\" class=\"menu\"><li id=\"menu-item-441\" class=\"menu-item menu-item-type-post_type menu-item-object-page menu-item-has-children menu-item-441\"><a href=\"https:\/\/barrososemminas.org\/2022\/extras-2\/\">EXTRAS<\/a>\n<ul class=\"sub-menu\">\n\t<li id=\"menu-item-443\" class=\"menu-item menu-item-type-post_type menu-item-object-page menu-item-443\"><a href=\"https:\/\/barrososemminas.org\/2022\/extras-2\/ilustracao\/\">Material para divulga\u00e7\u00e3o<\/a><\/li>\n\t<li id=\"menu-item-482\" class=\"menu-item menu-item-type-post_type menu-item-object-page menu-item-482\"><a href=\"https:\/\/barrososemminas.org\/2022\/mencoes-na-imprensa\/\">Men\u00e7\u00f5es na Imprensa<\/a><\/li>\n<\/ul>\n<\/li>\n<li id=\"menu-item-444\" class=\"menu-item menu-item-type-post_type menu-item-object-page menu-item-444\"><a href=\"https:\/\/barrososemminas.org\/2022\/acampada\/contacta-nos\/\">CONTACTA-NOS<\/a><\/li>\n<\/ul><\/nav><\/div><\/div>                                            <\/div>\n                                        <\/div>\n                                    <\/div>\n\t\t\t\t\t\t\t\t\t                        <\/div>\n\n                    <\/div>\n                <\/div>\n\t\t\t\t                <div  class=\"wppb-row-parent  wppb-row-1628182791325 \"  >\n\t\t\t\t\t\n\t\t\t\t\t\t\t\t\t\t\n\t\t\t\t\t\t\t\t\t\t\n\t\t\t\t\t<div class=\"wppb-container \">\n\t\t\t\t\t\t\t\t\t\t\t\t\t\n                        <div class=\"wppb-row\">\n\t\t\t\t\t\t\t                                    <div  class=\"wppb-column-parent wppb-column-parent-view wppb-col-1628182791326  \"  >\n                                        <div class=\"wppb-column\">\n\t\t\t\t\t\n\t\t\t\t\t\t\t\t\t\t\t\n                                            <div class=\"wppb-builder-addons\">\n\t\t\t\t\t\t\t\t\t\t\t\t<div class='wppb-builder-addon wppb-addon-1628182791327'  data-addon-id='1628182791327'><div class='wppb-addon'><div class=\"wppb-icon-addon\"><div class=\"wppb-icon-content\"><span class=\"wppb-icon-inner\"><a  href=\"https:\/\/social.coletivos.org\/@barrososemminas\" target=_blank><i class=\"fab fa-mastodon\"><\/i><\/a><\/span><\/div><\/div><\/div><\/div><div class='wppb-builder-addon wppb-addon-1628182791328'  data-addon-id='1628182791328'><div class='wppb-addon'><div class=\"wppb-raw-html-addon\"><div class=\"wppb-raw-html-content\"><p><\/p>\n<a href=\"https:\/\/social.coletivos.org\/@barrososemminas\">Mastodon<\/a><\/div><\/div><\/div><\/div>                                            <\/div>\n                                        <\/div>\n                                    <\/div>\n\t\t\t\t\t\t\t\t\t                                    <div  class=\"wppb-column-parent wppb-column-parent-view wppb-col-1628182791329  \"  >\n                                        <div class=\"wppb-column\">\n\t\t\t\t\t\n\t\t\t\t\t\t\t\t\t\t\t\n                                            <div class=\"wppb-builder-addons\">\n\t\t\t\t\t\t\t\t\t\t\t\t<div class='wppb-builder-addon wppb-addon-1628182791330'  data-addon-id='1628182791330'><div class='wppb-addon'><div class=\"wppb-icon-addon\"><div class=\"wppb-icon-content\"><span class=\"wppb-icon-inner\"><a  href=\"https:\/\/instagram.com\/barrososemminas?utm_medium=copy_link\" ><i class=\"fab fa-instagram\"><\/i><\/a><\/span><\/div><\/div><\/div><\/div><div class='wppb-builder-addon wppb-addon-1628182791331'  data-addon-id='1628182791331'><div class='wppb-addon'><div class=\"wppb-raw-html-addon\"><div class=\"wppb-raw-html-content\"><p><\/p>\n<a href=\"https:\/\/instagram.com\/barrososemminas?utm_medium=copy_link\">Instagram<\/a><\/div><\/div><\/div><\/div>                                            <\/div>\n                                        <\/div>\n                                    <\/div>\n\t\t\t\t\t\t\t\t\t                                    <div  class=\"wppb-column-parent wppb-column-parent-view wppb-col-1628182791332  \"  >\n                                        <div class=\"wppb-column\">\n\t\t\t\t\t\n\t\t\t\t\t\t\t\t\t\t\t\n                                            <div class=\"wppb-builder-addons\">\n\t\t\t\t\t\t\t\t\t\t\t\t<div class='wppb-builder-addon wppb-addon-1628182791333'  data-addon-id='1628182791333'><div class='wppb-addon'><div class=\"wppb-image-addon\"><figure class=\"wppb-image-addon-content-wrap\"><div class=\"wppb-image-addon-content wppb-imginlineblock\"><img class=\"wppb-image-addon-img\" src=\"https:\/\/barrososemminas.org\/2022\/wp-content\/uploads\/2021\/08\/peertube.png\" alt=\"Peertube\"><\/div><\/figure><\/div><\/div><\/div><div class='wppb-builder-addon wppb-addon-1628182791334'  data-addon-id='1628182791334'><div class='wppb-addon'><div class=\"wppb-raw-html-addon\"><div class=\"wppb-raw-html-content\"><p><\/p>\n<a href=\"https:\/\/videos.coletivos.org\/video-channels\/acampada\/videos\">Peertube<\/a><\/div><\/div><\/div><\/div>                                            <\/div>\n                                        <\/div>\n                                    <\/div>\n\t\t\t\t\t\t\t\t\t                                    <div  class=\"wppb-column-parent wppb-column-parent-view wppb-col-1628182791335  \"  >\n                                        <div class=\"wppb-column\">\n\t\t\t\t\t\n\t\t\t\t\t\t\t\t\t\t\t\n                                            <div class=\"wppb-builder-addons\">\n\t\t\t\t\t\t\t\t\t\t\t\t<div class='wppb-builder-addon wppb-addon-1628182791336'  data-addon-id='1628182791336'><div class='wppb-addon'><div class=\"wppb-icon-addon\"><div class=\"wppb-icon-content\"><span class=\"wppb-icon-inner\"><a  href=\"https:\/\/www.facebook.com\/acampamentoemdefesadobarroso\/\" ><i class=\"fab fa-facebook\"><\/i><\/a><\/span><\/div><\/div><\/div><\/div><div class='wppb-builder-addon wppb-addon-1628182791337'  data-addon-id='1628182791337'><div class='wppb-addon'><div class=\"wppb-raw-html-addon\"><div class=\"wppb-raw-html-content\"><p><\/p>\n<a href=\"https:\/\/www.facebook.com\/acampamentoemdefesadobarroso\/\">Facebook<\/a><\/div><\/div><\/div><\/div>                                            <\/div>\n                                        <\/div>\n                                    <\/div>\n\t\t\t\t\t\t\t\t\t                        <\/div>\n\n                    <\/div>\n                <\/div>\n\t\t\t\t<\/div>","protected":false},"excerpt":{"rendered":"<p>Colectivos amigos Greve Clim\u00e1tica A Greve Clim\u00e1tica Estudantil \u00e9 um coletivo de estudantes que luta por justi\u00e7a clim\u00e1tica. \u00c9 um coletivo que est\u00e1 inserido no movimento internacional: Fridays For Future, que se organiza em n\u00facleos locais espalhados um pouco por todo o pa\u00eds. Guilhotina.infoA Guilhotina.info \u00e9 um colectivo de informa\u00e7\u00e3o independente nascido a 15 de &hellip; <\/p>\n<p class=\"link-more\"><a href=\"https:\/\/barrososemminas.org\/2022\/coletivos\/amigos\/\" class=\"more-link\">Continuar a ler <span class=\"screen-reader-text\">&#8220;Amigos&#8221;<\/span><\/a><\/p>\n","protected":false},"author":1,"featured_media":0,"parent":57,"menu_order":13,"comment_status":"closed","ping_status":"closed","template":"wppb_theme_template","meta":[],"_links":{"self":[{"href":"https:\/\/barrososemminas.org\/2022\/wp-json\/wp\/v2\/pages\/61"}],"collection":[{"href":"https:\/\/barrososemminas.org\/2022\/wp-json\/wp\/v2\/pages"}],"about":[{"href":"https:\/\/barrososemminas.org\/2022\/wp-json\/wp\/v2\/types\/page"}],"author":[{"embeddable":true,"href":"https:\/\/barrososemminas.org\/2022\/wp-json\/wp\/v2\/users\/1"}],"replies":[{"embeddable":true,"href":"https:\/\/barrososemminas.org\/2022\/wp-json\/wp\/v2\/comments?post=61"}],"version-history":[{"count":1,"href":"https:\/\/barrososemminas.org\/2022\/wp-json\/wp\/v2\/pages\/61\/revisions"}],"predecessor-version":[{"id":62,"href":"https:\/\/barrososemminas.org\/2022\/wp-json\/wp\/v2\/pages\/61\/revisions\/62"}],"up":[{"embeddable":true,"href":"https:\/\/barrososemminas.org\/2022\/wp-json\/wp\/v2\/pages\/57"}],"wp:attachment":[{"href":"https:\/\/barrososemminas.org\/2022\/wp-json\/wp\/v2\/media?parent=61"}],"curies":[{"name":"wp","href":"https:\/\/api.w.org\/{rel}","templated":true}]}}