{"id":230,"date":"2021-07-21T15:30:03","date_gmt":"2021-07-21T15:30:03","guid":{"rendered":"https:\/\/barrososemminas.org\/2022\/?page_id=230"},"modified":"2021-08-03T16:29:11","modified_gmt":"2021-08-03T16:29:11","slug":"manifesto-francais","status":"publish","type":"page","link":"https:\/\/barrososemminas.org\/2022\/fr\/manifesto-francais\/","title":{"rendered":"Manifesto &#8211; Fran\u00e7ais"},"content":{"rendered":"<div id=\"wppb-builder-container\" class=\"wppb-builder-container\">                <div  class=\"wppb-row-parent \"  >\n\t\t\t\t\t\n\t\t\t\t\t\t\t\t\t\t\n\t\t\t\t\t\t\t\t\t\t\n\t\t\t\t\t<div class=\"wppb-container  wppb-row-1627999981566  wppb-container-row-default\">\n\t\t\t\t\t\t\t\t\t\t\t\t\t\n                        <div class=\"wppb-row\">\n\t\t\t\t\t\t\t                                    <div  class=\"wppb-column-parent wppb-column-parent-view wppb-col-1627999981567  \"  >\n                                        <div class=\"wppb-column\">\n\t\t\t\t\t\n\t\t\t\t\t\t\t\t\t\t\t\n                                            <div class=\"wppb-builder-addons\">\n\t\t\t\t\t\t\t\t\t\t\t\t<div class='wppb-builder-addon wppb-addon-1627999981568'  data-addon-id='1627999981568'><div class='wppb-addon'><div class=\"wppb-text-block-addon\"><\/div><\/div><\/div>                                            <\/div>\n                                        <\/div>\n                                    <\/div>\n\t\t\t\t\t\t\t\t\t                                    <div  class=\"wppb-column-parent wppb-column-parent-view wppb-col-1627999981569  \"  >\n                                        <div class=\"wppb-column\">\n\t\t\t\t\t\n\t\t\t\t\t\t\t\t\t\t\t\n                                            <div class=\"wppb-builder-addons\">\n\t\t\t\t\t\t\t\t\t\t\t\t<div class='wppb-builder-addon wppb-addon-1627999981570'  data-addon-id='1627999981570'><div class='wppb-addon'><div class=\"wppb-text-block-addon\"><\/div><\/div><\/div><div class='wppb-builder-addon wppb-addon-1627999981571'  data-addon-id='1627999981571'><div class='wppb-addon'><div class=\"wppb-raw-html-addon\"><div class=\"wppb-raw-html-content\"><div class=\"lang_manifest\">\n<p>\n<a href=\"\/\">Portugu\u00eas\/Galego<\/a> \n<a href=\"\/es\/manifesto-castellano\/\">Castellano<\/a>\n<a href=\"\/en\/manifesto-english\/\">English<\/a>\n<a href=\"\/es\/manifesto-francais\/\">Fran\u00e7ais<\/a>\n<a href=\"\/pl\/oczywisty\/\">Polski<\/a>\n<p class=\"otherlangs\">\n\n<a href=\"\/de\/manifesto-deutsch\/\">Deutsch<\/a>\n<\/p>\n<\/p><\/div><\/div><\/div><\/div><\/div><div class='wppb-builder-addon wppb-addon-1627999981572'  data-addon-id='1627999981572'><div class='wppb-addon'><div class=\"wppb-text-block-addon\"><\/div><\/div><\/div><div class='wppb-builder-addon wppb-addon-1627999981573'  data-addon-id='1627999981573'><div class='wppb-addon'><div class=\"wppb-text-block-addon\"><div class=\"wppb-text-block-content 0\"><h1 style=\"text-align: center\">Camp en d\u00e9fense du Barroso<\/h1><h3 style=\"text-align: center\"><strong>Non aux mines, oui \u00e0 la vie ! <\/strong><\/h3><p>En ao\u00fbt 2021, les portes de la Quinta do Cruzeiro se sont ouvertes en grand pour accueillir des ami-e-s, des fr\u00e8res et des s\u0153urs de lutte, arrivant du nord au sud du pays et depuis les quatre coins du monde. Les habitant-e-s de Covas do Barroso les ont accueilli-e-s comme ils et elles accueillent toujours tous ceux qui viennent de bon gr\u00e9 : le c\u0153ur ouvert, le sourire au visage et l'entr\u00e9e gratuite.<\/p><p>Apr\u00e8s une exp\u00e9rience tr\u00e8s enrichissante pour les visiteurs et les habitants, et parce que notre combat persiste, le Camp en D\u00e9fense de Covas do Barroso revient pour une deuxi\u00e8me \u00e9dition !\u00a0<\/p><p>Du 12 au 15 ao\u00fbt 2022, nous invitons \u00e0 nouveau tous ceux et celles qui le souhaitent \u00e0 nous rejoindre pour quatre jours de partage d'exp\u00e9riences et d'histoires.\u00a0\u00a0<\/p><p>Notre combat est le m\u00eame, mais il est aussi diff\u00e9rent. Si avant nous pensions que nous devions (seulement) faire face \u00e0 une entreprise et au gouvernement portugais pour prot\u00e9ger notre territoire et notre patrimoine, nous savons d\u00e9sormais que tout est permis.\u00a0 Nous avons \u00e9t\u00e9 confront\u00e9s \u00e0 des menaces, \u00e0 des tentatives d'intrusion dans les processus d\u00e9mocratiques locaux et aux tactiques de division les plus \u00e9l\u00e9mentaires, qui veulent nous gagner par la c\u00e9l\u00e8bre strat\u00e9gie de \"diviser pour mieux r\u00e9gner\". Nous avons appris \u00e0 ne pas sous-estimer la profondeur \u00e0 laquelle le capital peut s'enfoncer dans sa qu\u00eate effr\u00e9n\u00e9e de profit.<\/p><p>Contre les man\u0153uvres insidieuses de division sociale orchestr\u00e9es par les compagnies mini\u00e8res, nous avons toujours compter avec le soutien, la solidarit\u00e9 et la camaraderie des autres populations en lutte, au Portugal et partout dans le monde, ainsi que sur la force de l'unit\u00e9 de notre communaut\u00e9.\u00a0<\/p><p>Cette ann\u00e9e, face au contexte de guerre et la croissante militarisation de la soci\u00e9t\u00e9, le monde est contraint de r\u00e9fl\u00e9chir \u00e0 ce que signifie la \"transition\" \u00e9nerg\u00e9tique et \u00e0 combien elle co\u00fbte r\u00e9ellement. Nous voulons affronter et d\u00e9construire l'id\u00e9e que la transition \u00e9nerg\u00e9tique doit n\u00e9cessairement passer par un extractivisme d\u00e9brid\u00e9, l'\u00e9puisement de toutes les ressources naturelle, la d\u00e9possession des territoires ruraux et la recherche incessante de profits. Nous voulons vous parler d'ing\u00e9nierie sociale et de terrorisme judiciaire, de la mani\u00e8re de combattre la fr\u00e9n\u00e9sie capitaliste qui veut se d\u00e9velopper aux d\u00e9pens de nos populations, de nos montagnes et de nos eaux.<\/p><p>Par-dessus tout, nous voulons emp\u00eacher une entreprise avide de d\u00e9truire nos montagnes et de r\u00e9\u00e9crire notre histoire ancestrale. Nous voulons mettre fin \u00e0 ce colonialisme moderniste, qui soumet des populations et des r\u00e9gions vuln\u00e9rables aux pires abus au nom d'un \"bien commun\" qui ne vient jamais.\u00a0<\/p><p>Nous ne nous laisserons pas berner par les \"habits neufs du roi\", ni serons forc\u00e9s de dire que le gris est vert, que les mines sont soutenables, et encore moins de croire que les compagnies mini\u00e8res sont nos sauveurs et nous apporteront le d\u00e9veloppement durable.\u00a0<\/p><p>Nous en avons assez des affirmations selon lesquelles l'exploitation mini\u00e8re dans l'UE est soumise aux normes environnementales et sociales les plus strictes du monde, puisqu\u2019 il a d\u00e9j\u00e0 \u00e9t\u00e9 prouv\u00e9 que ceci n'est pas le cas et que nous sommes vuln\u00e9rables \u00e0 tout type d\u2019abus.\u00a0 \u00c0 Covas do Barroso, nous avons la preuve que les lois ne valent rien - ou presque - si elles ne sont pas appliqu\u00e9es, et encore moins si le gouvernement et les institutions publiques sont pr\u00eats \u00e0 c\u00e9der et \u00e0 se plier \u00e0 la volont\u00e9 des compagnies mini\u00e8res.\u00a0<\/p><p>\u00c0 Covas do Barroso, nous avons toujours v\u00e9cu de mani\u00e8re durable, et nous nous refusons d'\u00eatre sacrifi\u00e9s pour que d'autres puissent maintenir leur consum\u00e9risme intensif!\u00a0<\/p><p>Nous aimerions vous raconter notre histoire, vous pr\u00e9senter notre peuple et vous montrer l'immense patrimoine historique et naturel que nous avons h\u00e9rit\u00e9 - et que nous nous battons pour prot\u00e9ger.<\/p><p>Nous avons plusieurs propositions \u00e0 discuter, mais nous voulons aussi entendre les v\u00f4tres.\u00a0<\/p><p>Inscrivez-vous et ajoutez votre voix \u00e0 la n\u00f4tre !<\/p><p>Non \u00e0 la mine. Oui \u00e0 la vie.<\/p><p>LE VERT, C'EST BARROSO !<\/p><p>\u00a0<\/p><\/div><\/div><\/div><\/div><div class='wppb-builder-addon wppb-addon-1628018042436'  data-addon-id='1628018042436'><div class='wppb-addon'><div class=\"wppb-button-group-addon\"><div class=\"wppb-button-addon-content\"><\/div><\/div><\/div><\/div><div class='wppb-builder-addon wppb-addon-1627999981574'  data-addon-id='1627999981574'><div class='wppb-addon'><div class=\"wppb-text-block-addon\"><div class=\"wppb-text-block-content 0\"><p>\u00a0<\/p><p>\u00a0<\/p><\/div><\/div><\/div><\/div>                                            <\/div>\n                                        <\/div>\n                                    <\/div>\n\t\t\t\t\t\t\t\t\t                                    <div  class=\"wppb-column-parent wppb-column-parent-view wppb-col-1627999981575  \"  >\n                                        <div class=\"wppb-column\">\n\t\t\t\t\t\n\t\t\t\t\t\t\t\t\t\t\t\n                                            <div class=\"wppb-builder-addons\">\n\t\t\t\t\t\t\t\t\t\t\t\t<div class='wppb-builder-addon wppb-addon-1627999981576'  data-addon-id='1627999981576'><div class='wppb-addon'><div class=\"wppb-text-block-addon\"><\/div><\/div><\/div>                                            <\/div>\n                                        <\/div>\n                                    <\/div>\n\t\t\t\t\t\t\t\t\t                        <\/div>\n\n                    <\/div>\n                <\/div>\n\t\t\t\t                <div id=\"footer\" class=\"wppb-row-parent  wppb-row-1628018042425 \"  >\n\t\t\t\t\t\n\t\t\t\t\t                        <div class=\"wppb-shape-container wppb-top-shape\">\n\t\t\t\t\t\t\t<svg xmlns=\"http:\/\/www.w3.org\/2000\/svg\" viewBox=\"0 0 1000 100\" preserveAspectRatio=\"none\">\n    <path d=\"M0,6V0H1000V100Z\" transform=\"translate(0 0)\"\/>\n<\/svg>\t\t\t\t\t\t<\/div>\n\t\t\t\t\t\t\t\t\t\t\n\t\t\t\t\t\t\t\t\t\t\n\t\t\t\t\t<div class=\"wppb-container \">\n\t\t\t\t\t\t\t\t\t\t\t\t\t\n                        <div class=\"wppb-row\">\n\t\t\t\t\t\t\t                                    <div  class=\"wppb-column-parent wppb-column-parent-view wppb-col-1628018042426  \"  >\n                                        <div class=\"wppb-column\">\n\t\t\t\t\t\n\t\t\t\t\t\t\t\t\t\t\t\n                                            <div class=\"wppb-builder-addons\">\n\t\t\t\t\t\t\t\t\t\t\t\t<div class='wppb-builder-addon wppb-widget-1628010577180 wppb-addon-1628010577180'  data-addon-id='1628010577180'><div class='wppb-widget'><nav class=\"menu-1-container\" aria-label=\"Menu\"><ul id=\"menu-1\" class=\"menu\"><li id=\"menu-item-426\" class=\"menu-item menu-item-type-post_type menu-item-object-page menu-item-has-children menu-item-426\"><a href=\"https:\/\/barrososemminas.org\/2022\/acampada\/\">ACAMPADA<\/a>\n<ul class=\"sub-menu\">\n\t<li id=\"menu-item-427\" class=\"menu-item menu-item-type-post_type menu-item-object-page menu-item-home menu-item-427\"><a href=\"https:\/\/barrososemminas.org\/2022\/\">Manifesto<\/a><\/li>\n\t<li id=\"menu-item-692\" class=\"menu-item menu-item-type-custom menu-item-object-custom menu-item-692\"><a href=\"https:\/\/2021.barrososemminas.org\/2022\">Acampada 2021<\/a><\/li>\n<\/ul>\n<\/li>\n<\/ul><\/nav><\/div><\/div>                                            <\/div>\n                                        <\/div>\n                                    <\/div>\n\t\t\t\t\t\t\t\t\t                                    <div  class=\"wppb-column-parent wppb-column-parent-view wppb-col-1628018042428  \"  >\n                                        <div class=\"wppb-column\">\n\t\t\t\t\t\n\t\t\t\t\t\t\t\t\t\t\t\n                                            <div class=\"wppb-builder-addons\">\n\t\t\t\t\t\t\t\t\t\t\t\t<div class='wppb-builder-addon wppb-widget-1628010589973 wppb-addon-1628010589973'  data-addon-id='1628010589973'><div class='wppb-widget'><nav class=\"menu-2-container\" aria-label=\"Menu\"><ul id=\"menu-2\" class=\"menu\"><li id=\"menu-item-432\" class=\"menu-item menu-item-type-post_type menu-item-object-page menu-item-has-children menu-item-432\"><a href=\"https:\/\/barrososemminas.org\/2022\/apoiar\/\">COMO PARTICIPAR<\/a>\n<ul class=\"sub-menu\">\n\t<li id=\"menu-item-434\" class=\"menu-item menu-item-type-post_type menu-item-object-page menu-item-434\"><a href=\"https:\/\/barrososemminas.org\/2022\/apoiar\/como-chegar\/\">Como chegar<\/a><\/li>\n\t<li id=\"menu-item-435\" class=\"menu-item menu-item-type-post_type menu-item-object-page menu-item-435\"><a href=\"https:\/\/barrososemminas.org\/2022\/apoiar\/donativos\/\">Donativos<\/a><\/li>\n<\/ul>\n<\/li>\n<\/ul><\/nav><\/div><\/div>                                            <\/div>\n                                        <\/div>\n                                    <\/div>\n\t\t\t\t\t\t\t\t\t                                    <div  class=\"wppb-column-parent wppb-column-parent-view wppb-col-1628018042430  \"  >\n                                        <div class=\"wppb-column\">\n\t\t\t\t\t\n\t\t\t\t\t\t\t\t\t\t\t\n                                            <div class=\"wppb-builder-addons\">\n\t\t\t\t\t\t\t\t\t\t\t\t<div class='wppb-builder-addon wppb-widget-1628010290301 wppb-addon-1628010290301'  data-addon-id='1628010290301'><div class='wppb-widget'><nav class=\"menu-3-container\" aria-label=\"Menu\"><ul id=\"menu-3\" class=\"menu\"><li id=\"menu-item-438\" class=\"menu-item menu-item-type-post_type menu-item-object-page menu-item-has-children menu-item-438\"><a href=\"https:\/\/barrososemminas.org\/2022\/coletivos\/\">COLETIVOS<\/a>\n<ul class=\"sub-menu\">\n\t<li id=\"menu-item-440\" class=\"menu-item menu-item-type-post_type menu-item-object-page menu-item-440\"><a href=\"https:\/\/barrososemminas.org\/2022\/coletivos\/locais\/\">Do Barroso<\/a><\/li>\n\t<li id=\"menu-item-693\" class=\"menu-item menu-item-type-post_type menu-item-object-page menu-item-693\"><a href=\"https:\/\/barrososemminas.org\/2022\/coletivos\/amigos\/\">Amigos<\/a><\/li>\n<\/ul>\n<\/li>\n<\/ul><\/nav><\/div><\/div>                                            <\/div>\n                                        <\/div>\n                                    <\/div>\n\t\t\t\t\t\t\t\t\t                                    <div  class=\"wppb-column-parent wppb-column-parent-view wppb-col-1628018042432  \"  >\n                                        <div class=\"wppb-column\">\n\t\t\t\t\t\n\t\t\t\t\t\t\t\t\t\t\t\n                                            <div class=\"wppb-builder-addons\">\n\t\t\t\t\t\t\t\t\t\t\t\t<div class='wppb-builder-addon wppb-widget-1628010599014 wppb-addon-1628010599014'  data-addon-id='1628010599014'><div class='wppb-widget'><nav class=\"menu-4-container\" aria-label=\"Menu\"><ul id=\"menu-4\" class=\"menu\"><li id=\"menu-item-441\" class=\"menu-item menu-item-type-post_type menu-item-object-page menu-item-has-children menu-item-441\"><a href=\"https:\/\/barrososemminas.org\/2022\/extras-2\/\">EXTRAS<\/a>\n<ul class=\"sub-menu\">\n\t<li id=\"menu-item-443\" class=\"menu-item menu-item-type-post_type menu-item-object-page menu-item-443\"><a href=\"https:\/\/barrososemminas.org\/2022\/extras-2\/ilustracao\/\">Material para divulga\u00e7\u00e3o<\/a><\/li>\n\t<li id=\"menu-item-482\" class=\"menu-item menu-item-type-post_type menu-item-object-page menu-item-482\"><a href=\"https:\/\/barrososemminas.org\/2022\/mencoes-na-imprensa\/\">Men\u00e7\u00f5es na Imprensa<\/a><\/li>\n<\/ul>\n<\/li>\n<li id=\"menu-item-444\" class=\"menu-item menu-item-type-post_type menu-item-object-page menu-item-444\"><a href=\"https:\/\/barrososemminas.org\/2022\/acampada\/contacta-nos\/\">CONTACTA-NOS<\/a><\/li>\n<\/ul><\/nav><\/div><\/div>                                            <\/div>\n                                        <\/div>\n                                    <\/div>\n\t\t\t\t\t\t\t\t\t                        <\/div>\n\n                    <\/div>\n                <\/div>\n\t\t\t\t<\/div>","protected":false},"excerpt":{"rendered":"<p>Portugu\u00eas\/Galego Castellano English Fran\u00e7ais Polski Deutsch Camp en d\u00e9fense du BarrosoNon aux mines, oui \u00e0 la vie ! En ao\u00fbt 2021, les portes de la Quinta do Cruzeiro se sont ouvertes en grand pour accueillir des ami-e-s, des fr\u00e8res et des s\u0153urs de lutte, arrivant du nord au sud du pays et depuis les quatre &hellip; <\/p>\n<p class=\"link-more\"><a href=\"https:\/\/barrososemminas.org\/2022\/fr\/manifesto-francais\/\" class=\"more-link\">Continuar a ler <span class=\"screen-reader-text\">&#8220;Manifesto &#8211; Fran\u00e7ais&#8221;<\/span><\/a><\/p>\n","protected":false},"author":1,"featured_media":0,"parent":0,"menu_order":5,"comment_status":"closed","ping_status":"closed","template":"wppb_theme_template","meta":[],"_links":{"self":[{"href":"https:\/\/barrososemminas.org\/2022\/wp-json\/wp\/v2\/pages\/230"}],"collection":[{"href":"https:\/\/barrososemminas.org\/2022\/wp-json\/wp\/v2\/pages"}],"about":[{"href":"https:\/\/barrososemminas.org\/2022\/wp-json\/wp\/v2\/types\/page"}],"author":[{"embeddable":true,"href":"https:\/\/barrososemminas.org\/2022\/wp-json\/wp\/v2\/users\/1"}],"replies":[{"embeddable":true,"href":"https:\/\/barrososemminas.org\/2022\/wp-json\/wp\/v2\/comments?post=230"}],"version-history":[{"count":1,"href":"https:\/\/barrososemminas.org\/2022\/wp-json\/wp\/v2\/pages\/230\/revisions"}],"predecessor-version":[{"id":231,"href":"https:\/\/barrososemminas.org\/2022\/wp-json\/wp\/v2\/pages\/230\/revisions\/231"}],"wp:attachment":[{"href":"https:\/\/barrososemminas.org\/2022\/wp-json\/wp\/v2\/media?parent=230"}],"curies":[{"name":"wp","href":"https:\/\/api.w.org\/{rel}","templated":true}]}}