{"id":218,"date":"2021-07-20T20:13:21","date_gmt":"2021-07-20T20:13:21","guid":{"rendered":"https:\/\/barrososemminas.org\/2022\/manifesto-espanol\/"},"modified":"2021-08-02T22:56:50","modified_gmt":"2021-08-02T22:56:50","slug":"manifesto-castellano","status":"publish","type":"page","link":"https:\/\/barrososemminas.org\/2022\/es\/manifesto-castellano\/","title":{"rendered":"Manifesto &#8211; Castellano"},"content":{"rendered":"<div id=\"wppb-builder-container\" class=\"wppb-builder-container\">                <div  class=\"wppb-row-parent \"  >\n\t\t\t\t\t\n\t\t\t\t\t\t\t\t\t\t\n\t\t\t\t\t\t\t\t\t\t\n\t\t\t\t\t<div class=\"wppb-container  wppb-row-1627999491635  wppb-container-row-default\">\n\t\t\t\t\t\t\t\t\t\t\t\t\t\n                        <div class=\"wppb-row\">\n\t\t\t\t\t\t\t                                    <div  class=\"wppb-column-parent wppb-column-parent-view wppb-col-1627999491636  \"  >\n                                        <div class=\"wppb-column\">\n\t\t\t\t\t\n\t\t\t\t\t\t\t\t\t\t\t\n                                            <div class=\"wppb-builder-addons\">\n\t\t\t\t\t\t\t\t\t\t\t\t<div class='wppb-builder-addon wppb-addon-1627999491637'  data-addon-id='1627999491637'><div class='wppb-addon'><div class=\"wppb-text-block-addon\"><\/div><\/div><\/div>                                            <\/div>\n                                        <\/div>\n                                    <\/div>\n\t\t\t\t\t\t\t\t\t                                    <div  class=\"wppb-column-parent wppb-column-parent-view wppb-col-1627999491638  \"  >\n                                        <div class=\"wppb-column\">\n\t\t\t\t\t\n\t\t\t\t\t\t\t\t\t\t\t\n                                            <div class=\"wppb-builder-addons\">\n\t\t\t\t\t\t\t\t\t\t\t\t<div class='wppb-builder-addon wppb-addon-1627999491639'  data-addon-id='1627999491639'><div class='wppb-addon'><div class=\"wppb-text-block-addon\"><\/div><\/div><\/div><div class='wppb-builder-addon wppb-addon-1627999491640'  data-addon-id='1627999491640'><div class='wppb-addon'><div class=\"wppb-raw-html-addon\"><div class=\"wppb-raw-html-content\"><div class=\"lang_manifest\">\n<p>\n<a href=\"\/\">Portugu\u00eas\/Galego<\/a> \n\n<a href=\"\/es\/manifesto-castellano\/\">Castellano<\/a>\n\n<a href=\"\/en\/manifesto-english\/\">English<\/a>\n<a href=\"\/es\/manifesto-francais\/\">Fran\u00e7ais<\/a>\n<a href=\"\/pl\/oczywisty\/\">Polski<\/a>\n<p class=\"otherlangs\">\n<a href=\"\/de\/manifesto-deutsch\/\">Deutsch<\/a>\n<\/p>\n\n<\/p><\/div><\/div><\/div><\/div><\/div><div class='wppb-builder-addon wppb-addon-1627999491641'  data-addon-id='1627999491641'><div class='wppb-addon'><div class=\"wppb-text-block-addon\"><\/div><\/div><\/div><div class='wppb-builder-addon wppb-addon-1627999491642'  data-addon-id='1627999491642'><div class='wppb-addon'><div class=\"wppb-text-block-addon\"><div class=\"wppb-text-block-content 0\"><h1 id=\"magicdomid29\" class=\"ace-line\" style=\"text-align: center\"><span class=\"b\"><b>ACAMPADA EN DEFENSA DEL BARROSO<br \/><\/b><\/span><\/h1><h2 class=\"ace-line\" style=\"text-align: center\"><span class=\"b\"><b>\u00a1No a las minas, s\u00ed a la vida!<\/b><\/span><\/h2><div id=\"magicdomid30\" class=\"ace-line\">\u00a0<\/div><p>En agosto de 2021, las puertas de Quinta do Cruzeiro se abrieron para recibir amigues y hermanes de lucha, llegados del norte al sur del pa\u00eds y de todos los rincones del mundo. La poblaci\u00f3n de Covas do Barroso les recibi\u00f3 como siempre recibe a cualquier forastere que viene con buena bondad: con el coraz\u00f3n abierto, una sonrisa y la entrada libre.\u00a0<\/p><p>Despu\u00e9s de una experiencia muy gratificante tanto para les visitantes como para les habitantes, y porque nuestra lucha persiste; \u00a1el Campamento en Defensa de Covas do Barroso regresa para una segunda edici\u00f3n!<\/p><p>Entre el 12 y 15 de agosto de 2022, invitamos nuevamente a todes aquelles que quieran acompa\u00f1arnos durante cuatro d\u00edas para compartir experiencias e historias.<\/p><p>Nuestra lucha es la misma, pero tambi\u00e9n es diferente. Si en el pasado pens\u00e1bamos que (apenas) tendr\u00edamos que enfrentarnos a una empresa y al gobierno portugu\u00e9s para proteger nuestro territorio y patrimonio, ahora sabemos que todo vale.\u00a0<\/p><p>Nos enfrentamos a amenazas, a tentativas de intrusi\u00f3n en los procesos democr\u00e1ticos del poder local e inclusive, a las t\u00e1cticas m\u00e1s b\u00e1sicas de divisi\u00f3n, seg\u00fan la famosa m\u00e1xima \u201cdivide y vencer\u00e1s\u201d. Hemos aprendido a no subestimar lo profundo que se puede llegar en la b\u00fasqueda desenfrenada de ganancias.\u00a0\u00a0<\/p><p>Frente a las insidiosas maniobras de divisi\u00f3n social orquestadas por las empresas mineras, contamos con el apoyo, la solidaridad y la camarader\u00eda de otros pueblos en lucha, aqu\u00ed y en el mundo, as\u00ed como con la fuerza de uni\u00f3n de nuestra comunidad.<\/p><p>Este a\u00f1o, ante el escenario de guerra y militarizaci\u00f3n de la sociedad, el mundo se ve obligado a reflexionar sobre qu\u00e9 significa y cu\u00e1nto cuesta realmente la \u201ctransici\u00f3n\u201d energ\u00e9tica que se prev\u00e9. Queremos confrontar y deconstruir la idea de que la transici\u00f3n energ\u00e9tica debe pasar, necesariamente, por el extractivismo desenfrenado y el agotamiento de todos los recursos naturales seg\u00fan el plan de la tierra arrasada por el despojo y desposesi\u00f3n de los territorios rurales, y por la b\u00fasqueda incesante de beneficio econ\u00f3mico.\u00a0<\/p><p>Queremos hablaros de ingenier\u00eda social y terrorismo judicial, de c\u00f3mo combatir el frenes\u00ed capitalista que quiere crecer a costa de nuestra gente, nuestras monta\u00f1as y de nuestras aguas.\u00a0\u00a0<\/p><p>Sobre todo, queremos evitar que una empresa codiciosa destruya nuestras sierras y reescriba nuestra historia ancestral. Queremos prevenir este neocolonialismo modernista, que somete a las poblaciones y regiones vulnerables a los peores abusos en nombre de un \u201cbien com\u00fan\u201d que nunca llega.<\/p><p>No nos dejaremos enga\u00f1ar por \u201cEl traje nuevo del emperador\u201d, ni a ser obligades a decir que el gris es verde, que las minas son sostenibles, y ni mucho menos vamos a creer que las empresas mineras son nuestras salvadoras y que nos traer\u00e1n un desarrollo sostenible.<\/p><p>Estamos cansades de afirmar que la miner\u00eda en la UE est\u00e1 sujeta a los est\u00e1ndares ambientales y sociales m\u00e1s altos del mundo, se ha demostrado que no lo est\u00e1 y que somos vulnerables al abuso. En Covas do Barroso tenemos pruebas de que las leyes valen poco o nada si no se aplican, y m\u00e1s si el gobierno y las instituciones p\u00fablicas est\u00e1n dispuestas a ceder y replegarse a la voluntad de las empresas mineras.\u00a0<\/p><p>En Covas do Barroso, les que siempre hemos vivido de forma sostenibles, nos negamos a sacrificarnos para que les dem\u00e1s mantengan su consumismo intensivo. Nos encantar\u00eda contarte nuestra historia, presentarte a nuestra gente y mostrarte el inmenso patrimonio hist\u00f3rico y natural que hemos heredado y que nos esforzamos por proteger.\u00a0<\/p><p>Tenemos varias propuestas para debatir, pero tambi\u00e9n queremos escuchar la tuya.\u00a0<\/p><p>\u00a1Reg\u00edstrate y suma tu voz a la nuestra!<\/p><p>S\u00cd a la VIDA. NO a las MINAS.<\/p><p>\u00a1VERDE ES EL BARROSO!<\/p><p>\u00a0<\/p><\/div><\/div><\/div><\/div><div class='wppb-builder-addon wppb-addon-1627999491643'  data-addon-id='1627999491643'><div class='wppb-addon'><div class=\"wppb-text-block-addon\"><div class=\"wppb-text-block-content 0\"><p>\u00a0<\/p><p>\u00a0<\/p><\/div><\/div><\/div><\/div><div class='wppb-builder-addon wppb-addon-1628017502673'  data-addon-id='1628017502673'><div class='wppb-addon'><div class=\"wppb-button-group-addon\"><div class=\"wppb-button-addon-content\"><\/div><\/div><\/div><\/div><div class='wppb-builder-addon wppb-addon-1628017502670'  data-addon-id='1628017502670'><div class='wppb-addon'><div class=\"wppb-text-block-addon\"><div class=\"wppb-text-block-content 0\"><p>\u00a0<\/p><p>\u00a0<\/p><\/div><\/div><\/div><\/div>                                            <\/div>\n                                        <\/div>\n                                    <\/div>\n\t\t\t\t\t\t\t\t\t                                    <div  class=\"wppb-column-parent wppb-column-parent-view wppb-col-1627999491644  \"  >\n                                        <div class=\"wppb-column\">\n\t\t\t\t\t\n\t\t\t\t\t\t\t\t\t\t\t\n                                            <div class=\"wppb-builder-addons\">\n\t\t\t\t\t\t\t\t\t\t\t\t<div class='wppb-builder-addon wppb-addon-1627999491645'  data-addon-id='1627999491645'><div class='wppb-addon'><div class=\"wppb-text-block-addon\"><\/div><\/div><\/div>                                            <\/div>\n                                        <\/div>\n                                    <\/div>\n\t\t\t\t\t\t\t\t\t                        <\/div>\n\n                    <\/div>\n                <\/div>\n\t\t\t\t                <div id=\"footer\" class=\"wppb-row-parent  wppb-row-1628017502674 \"  >\n\t\t\t\t\t\n\t\t\t\t\t                        <div class=\"wppb-shape-container wppb-top-shape\">\n\t\t\t\t\t\t\t<svg xmlns=\"http:\/\/www.w3.org\/2000\/svg\" viewBox=\"0 0 1000 100\" preserveAspectRatio=\"none\">\n    <path d=\"M0,6V0H1000V100Z\" transform=\"translate(0 0)\"\/>\n<\/svg>\t\t\t\t\t\t<\/div>\n\t\t\t\t\t\t\t\t\t\t\n\t\t\t\t\t\t\t\t\t\t\n\t\t\t\t\t<div class=\"wppb-container \">\n\t\t\t\t\t\t\t\t\t\t\t\t\t\n                        <div class=\"wppb-row\">\n\t\t\t\t\t\t\t                                    <div  class=\"wppb-column-parent wppb-column-parent-view wppb-col-1628017502675  \"  >\n                                        <div class=\"wppb-column\">\n\t\t\t\t\t\n\t\t\t\t\t\t\t\t\t\t\t\n                                            <div class=\"wppb-builder-addons\">\n\t\t\t\t\t\t\t\t\t\t\t\t<div class='wppb-builder-addon wppb-widget-1628010577180 wppb-addon-1628010577180'  data-addon-id='1628010577180'><div class='wppb-widget'><nav class=\"menu-1-container\" aria-label=\"Menu\"><ul id=\"menu-1\" class=\"menu\"><li id=\"menu-item-426\" class=\"menu-item menu-item-type-post_type menu-item-object-page menu-item-has-children menu-item-426\"><a href=\"https:\/\/barrososemminas.org\/2022\/acampada\/\">ACAMPADA<\/a>\n<ul class=\"sub-menu\">\n\t<li id=\"menu-item-427\" class=\"menu-item menu-item-type-post_type menu-item-object-page menu-item-home menu-item-427\"><a href=\"https:\/\/barrososemminas.org\/2022\/\">Manifesto<\/a><\/li>\n\t<li id=\"menu-item-692\" class=\"menu-item menu-item-type-custom menu-item-object-custom menu-item-692\"><a href=\"https:\/\/2021.barrososemminas.org\/2022\">Acampada 2021<\/a><\/li>\n<\/ul>\n<\/li>\n<\/ul><\/nav><\/div><\/div>                                            <\/div>\n                                        <\/div>\n                                    <\/div>\n\t\t\t\t\t\t\t\t\t                                    <div  class=\"wppb-column-parent wppb-column-parent-view wppb-col-1628017502677  \"  >\n                                        <div class=\"wppb-column\">\n\t\t\t\t\t\n\t\t\t\t\t\t\t\t\t\t\t\n                                            <div class=\"wppb-builder-addons\">\n\t\t\t\t\t\t\t\t\t\t\t\t<div class='wppb-builder-addon wppb-widget-1628010589973 wppb-addon-1628010589973'  data-addon-id='1628010589973'><div class='wppb-widget'><nav class=\"menu-2-container\" aria-label=\"Menu\"><ul id=\"menu-2\" class=\"menu\"><li id=\"menu-item-432\" class=\"menu-item menu-item-type-post_type menu-item-object-page menu-item-has-children menu-item-432\"><a href=\"https:\/\/barrososemminas.org\/2022\/apoiar\/\">COMO PARTICIPAR<\/a>\n<ul class=\"sub-menu\">\n\t<li id=\"menu-item-434\" class=\"menu-item menu-item-type-post_type menu-item-object-page menu-item-434\"><a href=\"https:\/\/barrososemminas.org\/2022\/apoiar\/como-chegar\/\">Como chegar<\/a><\/li>\n\t<li id=\"menu-item-435\" class=\"menu-item menu-item-type-post_type menu-item-object-page menu-item-435\"><a href=\"https:\/\/barrososemminas.org\/2022\/apoiar\/donativos\/\">Donativos<\/a><\/li>\n<\/ul>\n<\/li>\n<\/ul><\/nav><\/div><\/div>                                            <\/div>\n                                        <\/div>\n                                    <\/div>\n\t\t\t\t\t\t\t\t\t                                    <div  class=\"wppb-column-parent wppb-column-parent-view wppb-col-1628017502679  \"  >\n                                        <div class=\"wppb-column\">\n\t\t\t\t\t\n\t\t\t\t\t\t\t\t\t\t\t\n                                            <div class=\"wppb-builder-addons\">\n\t\t\t\t\t\t\t\t\t\t\t\t<div class='wppb-builder-addon wppb-widget-1628010290301 wppb-addon-1628010290301'  data-addon-id='1628010290301'><div class='wppb-widget'><nav class=\"menu-3-container\" aria-label=\"Menu\"><ul id=\"menu-3\" class=\"menu\"><li id=\"menu-item-438\" class=\"menu-item menu-item-type-post_type menu-item-object-page menu-item-has-children menu-item-438\"><a href=\"https:\/\/barrososemminas.org\/2022\/coletivos\/\">COLETIVOS<\/a>\n<ul class=\"sub-menu\">\n\t<li id=\"menu-item-440\" class=\"menu-item menu-item-type-post_type menu-item-object-page menu-item-440\"><a href=\"https:\/\/barrososemminas.org\/2022\/coletivos\/locais\/\">Do Barroso<\/a><\/li>\n\t<li id=\"menu-item-693\" class=\"menu-item menu-item-type-post_type menu-item-object-page menu-item-693\"><a href=\"https:\/\/barrososemminas.org\/2022\/coletivos\/amigos\/\">Amigos<\/a><\/li>\n<\/ul>\n<\/li>\n<\/ul><\/nav><\/div><\/div>                                            <\/div>\n                                        <\/div>\n                                    <\/div>\n\t\t\t\t\t\t\t\t\t                                    <div  class=\"wppb-column-parent wppb-column-parent-view wppb-col-1628017502681  \"  >\n                                        <div class=\"wppb-column\">\n\t\t\t\t\t\n\t\t\t\t\t\t\t\t\t\t\t\n                                            <div class=\"wppb-builder-addons\">\n\t\t\t\t\t\t\t\t\t\t\t\t<div class='wppb-builder-addon wppb-widget-1628010599014 wppb-addon-1628010599014'  data-addon-id='1628010599014'><div class='wppb-widget'><nav class=\"menu-4-container\" aria-label=\"Menu\"><ul id=\"menu-4\" class=\"menu\"><li id=\"menu-item-441\" class=\"menu-item menu-item-type-post_type menu-item-object-page menu-item-has-children menu-item-441\"><a href=\"https:\/\/barrososemminas.org\/2022\/extras-2\/\">EXTRAS<\/a>\n<ul class=\"sub-menu\">\n\t<li id=\"menu-item-443\" class=\"menu-item menu-item-type-post_type menu-item-object-page menu-item-443\"><a href=\"https:\/\/barrososemminas.org\/2022\/extras-2\/ilustracao\/\">Material para divulga\u00e7\u00e3o<\/a><\/li>\n\t<li id=\"menu-item-482\" class=\"menu-item menu-item-type-post_type menu-item-object-page menu-item-482\"><a href=\"https:\/\/barrososemminas.org\/2022\/mencoes-na-imprensa\/\">Men\u00e7\u00f5es na Imprensa<\/a><\/li>\n<\/ul>\n<\/li>\n<li id=\"menu-item-444\" class=\"menu-item menu-item-type-post_type menu-item-object-page menu-item-444\"><a href=\"https:\/\/barrososemminas.org\/2022\/acampada\/contacta-nos\/\">CONTACTA-NOS<\/a><\/li>\n<\/ul><\/nav><\/div><\/div>                                            <\/div>\n                                        <\/div>\n                                    <\/div>\n\t\t\t\t\t\t\t\t\t                        <\/div>\n\n                    <\/div>\n                <\/div>\n\t\t\t\t<\/div>","protected":false},"excerpt":{"rendered":"<p>Portugu\u00eas\/Galego Castellano English Fran\u00e7ais Polski Deutsch ACAMPADA EN DEFENSA DEL BARROSO\u00a1No a las minas, s\u00ed a la vida!\u00a0En agosto de 2021, las puertas de Quinta do Cruzeiro se abrieron para recibir amigues y hermanes de lucha, llegados del norte al sur del pa\u00eds y de todos los rincones del mundo. La poblaci\u00f3n de Covas do &hellip; <\/p>\n<p class=\"link-more\"><a href=\"https:\/\/barrososemminas.org\/2022\/es\/manifesto-castellano\/\" class=\"more-link\">Continuar a ler <span class=\"screen-reader-text\">&#8220;Manifesto &#8211; Castellano&#8221;<\/span><\/a><\/p>\n","protected":false},"author":1,"featured_media":0,"parent":0,"menu_order":8,"comment_status":"closed","ping_status":"closed","template":"wppb_theme_template","meta":[],"_links":{"self":[{"href":"https:\/\/barrososemminas.org\/2022\/wp-json\/wp\/v2\/pages\/218"}],"collection":[{"href":"https:\/\/barrososemminas.org\/2022\/wp-json\/wp\/v2\/pages"}],"about":[{"href":"https:\/\/barrososemminas.org\/2022\/wp-json\/wp\/v2\/types\/page"}],"author":[{"embeddable":true,"href":"https:\/\/barrososemminas.org\/2022\/wp-json\/wp\/v2\/users\/1"}],"replies":[{"embeddable":true,"href":"https:\/\/barrososemminas.org\/2022\/wp-json\/wp\/v2\/comments?post=218"}],"version-history":[{"count":2,"href":"https:\/\/barrososemminas.org\/2022\/wp-json\/wp\/v2\/pages\/218\/revisions"}],"predecessor-version":[{"id":406,"href":"https:\/\/barrososemminas.org\/2022\/wp-json\/wp\/v2\/pages\/218\/revisions\/406"}],"wp:attachment":[{"href":"https:\/\/barrososemminas.org\/2022\/wp-json\/wp\/v2\/media?parent=218"}],"curies":[{"name":"wp","href":"https:\/\/api.w.org\/{rel}","templated":true}]}}