{"id":633,"date":"2022-05-31T18:05:33","date_gmt":"2022-05-31T18:05:33","guid":{"rendered":"https:\/\/barrososemminas.org\/2021\/?page_id=633"},"modified":"2022-05-31T18:05:33","modified_gmt":"2022-05-31T18:05:33","slug":"inscreve-te-2022","status":"publish","type":"page","link":"https:\/\/barrososemminas.org\/2021\/inscreve-te-2022\/","title":{"rendered":"inscreve-te 2022"},"content":{"rendered":"\n<p><code>\r\n        \r\n        <form class=\"wpuf-form-add weforms-609  wpuf-theme-style\" action=\"\" method=\"post\"   id=\"\">\r\n\r\n            <ul class=\"wpuf-form form-label-above\">\r\n\r\n                        <li class=\"wpuf-el \" data-label=\"Custom HTML\">\r\n            <div class=\"wpuf-fields html_609 wpuf__609\">\r\n                <p class=\"toggle-form toggle-form-pt\">\nPrecisamos que preenchas este formul\u00e1rio de inscri\u00e7\u00e3o para que possamos preparar a tua vinda para Covas do Barroso da melhor forma. L\u00ea com aten\u00e7\u00e3o todas as informa\u00e7\u00f5es que disponibilizamos antes de preencher.\n<\/p>\n<p class=\"toggle-form toggle-form-fr\">\nNous avons besoin que tu remplisses ce formulaire d'inscription afin que nous puissions pr\u00e9parer au mieux ta visite \u00e0 Covas do Barroso. Lis attentivement toutes les informations que nous fournissons avant de les remplir. \n<\/p>\n<p class=\"toggle-form toggle-form-en\">\nWe need you to fill in this registration form so that we can prepare your trip to Covas do Barroso in the best way possible. Carefully read all the information we provide before filling it out.             <\/div>\r\n\r\n        <\/li>\r\n                <li class=\"wpuf-el nome___nom__name field-size-large\" data-label=\"Nome \/ Nom\/ Name\">\r\n                    <div class=\"wpuf-label\">\r\n            <label for=\"nome___nom__name_609\">Nome \/ Nom\/ Name <span class=\"required\">*<\/span><\/label>\r\n        <\/div>\r\n        \r\n            <div class=\"wpuf-fields\">\r\n                <input\r\n                    class=\"textfield wpuf_nome___nom__name_609\"\r\n                    id=\"nome___nom__name_609\"\r\n                    type=\"text\"\r\n                    data-duplicate=\"no\"\r\n                    data-required=\"yes\"\r\n                    data-type=\"text\" name=\"nome___nom__name\"\r\n                    placeholder=\"\"\r\n                    value=\"\"\r\n                    size=\"40\"\r\n                \/>\r\n\r\n                <span class=\"wpuf-wordlimit-message wpuf-help\"><\/span>\r\n                            <\/div>\r\n                    <\/li>\r\n                <li class=\"wpuf-el nome_da_organiza__o__movimento_ou_coletiva___qual_pertences__opcional____nom_de_l_organisation__movement_ou_coletif_auquel_tu_appartiens__optionel____name_of_the_organization__movement_or_collective_you_belong_to__optional_ field-size-large\" data-label=\"Nome da organiza\u00e7\u00e3o, movimento ou coletiva \u00e0 qual pertences (opcional) \/ Nom de l&#039;organisation, movement ou coletif auquel tu appartiens (optionel) \/ Name of the organization, movement or collective you belong to (optional)\">\r\n                    <div class=\"wpuf-label\">\r\n            <label for=\"nome_da_organiza__o__movimento_ou_coletiva___qual_pertences__opcional____nom_de_l_organisation__movement_ou_coletif_auquel_tu_appartiens__optionel____name_of_the_organization__movement_or_collective_you_belong_to__optional__609\">Nome da organiza\u00e7\u00e3o, movimento ou coletiva \u00e0 qual pertences (opcional) \/ Nom de l&#039;organisation, movement ou coletif auquel tu appartiens (optionel) \/ Name of the organization, movement or collective you belong to (optional)<\/label>\r\n        <\/div>\r\n        \r\n            <div class=\"wpuf-fields\">\r\n                <input\r\n                    class=\"textfield wpuf_nome_da_organiza__o__movimento_ou_coletiva___qual_pertences__opcional____nom_de_l_organisation__movement_ou_coletif_auquel_tu_appartiens__optionel____name_of_the_organization__movement_or_collective_you_belong_to__optional__609\"\r\n                    id=\"nome_da_organiza__o__movimento_ou_coletiva___qual_pertences__opcional____nom_de_l_organisation__movement_ou_coletif_auquel_tu_appartiens__optionel____name_of_the_organization__movement_or_collective_you_belong_to__optional__609\"\r\n                    type=\"text\"\r\n                    data-duplicate=\"no\"\r\n                    data-required=\"no\"\r\n                    data-type=\"text\" name=\"nome_da_organiza__o__movimento_ou_coletiva___qual_pertences__opcional____nom_de_l_organisation__movement_ou_coletif_auquel_tu_appartiens__optionel____name_of_the_organization__movement_or_collective_you_belong_to__optional_\"\r\n                    placeholder=\"\"\r\n                    value=\"\"\r\n                    size=\"40\"\r\n                \/>\r\n\r\n                <span class=\"wpuf-wordlimit-message wpuf-help\"><\/span>\r\n                            <\/div>\r\n                    <\/li>\r\n                <li class=\"wpuf-el de_onde_vens____tu_viens_d_ou____where_do_you_come_from_ field-size-large\" data-label=\"De onde vens? \/ Tu viens d&#039;ou? \/ Where do you come from?\">\r\n                    <div class=\"wpuf-label\">\r\n            <label for=\"de_onde_vens____tu_viens_d_ou____where_do_you_come_from__609\">De onde vens? \/ Tu viens d&#039;ou? \/ Where do you come from?<\/label>\r\n        <\/div>\r\n        \r\n            <div class=\"wpuf-fields\">\r\n                <input\r\n                    class=\"textfield wpuf_de_onde_vens____tu_viens_d_ou____where_do_you_come_from__609\"\r\n                    id=\"de_onde_vens____tu_viens_d_ou____where_do_you_come_from__609\"\r\n                    type=\"text\"\r\n                    data-duplicate=\"no\"\r\n                    data-required=\"no\"\r\n                    data-type=\"text\" name=\"de_onde_vens____tu_viens_d_ou____where_do_you_come_from_\"\r\n                    placeholder=\"\"\r\n                    value=\"\"\r\n                    size=\"40\"\r\n                \/>\r\n\r\n                <span class=\"wpuf-wordlimit-message wpuf-help\"><\/span>\r\n                            <\/div>\r\n                    <\/li>\r\n                <li class=\"wpuf-el email field-size-large\" data-label=\"Email\">\r\n                    <div class=\"wpuf-label\">\r\n            <label for=\"email_609\">Email <span class=\"required\">*<\/span><\/label>\r\n        <\/div>\r\n        \r\n            <div class=\"wpuf-fields\">\r\n                <input\r\n                    id=\"email_609\"\r\n                    type=\"email\"\r\n                    class=\"email  wpuf_email_609\"\r\n                    data-duplicate=\"\"\r\n                    data-required=\"yes\"\r\n                    data-type=\"email\"\r\n                    name=\"email\"\r\n                    placeholder=\"\"\r\n                    value=\"\"\r\n                    size=\"40\"\r\n                    autocomplete=\"email\"\r\n                \/>\r\n                            <\/div>\r\n        <\/li>\r\n                <li class=\"wpuf-el contacto_telef_nico__opcional____contacto_telephonique__optionel____phone_number__optional_ field-size-large\" data-label=\"Contacto telef\u00f3nico (opcional) \/ Contacto telephonique (optionel) \/ Phone number (optional)\">\r\n                    <div class=\"wpuf-label\">\r\n            <label for=\"contacto_telef_nico__opcional____contacto_telephonique__optionel____phone_number__optional__609\">Contacto telef\u00f3nico (opcional) \/ Contacto telephonique (optionel) \/ Phone number (optional)<\/label>\r\n        <\/div>\r\n        \r\n            <div class=\"wpuf-fields\">\r\n                <input\r\n                    class=\"textfield wpuf_contacto_telef_nico__opcional____contacto_telephonique__optionel____phone_number__optional__609\"\r\n                    id=\"contacto_telef_nico__opcional____contacto_telephonique__optionel____phone_number__optional__609\"\r\n                    type=\"text\"\r\n                    data-duplicate=\"no\"\r\n                    data-required=\"no\"\r\n                    data-type=\"text\" name=\"contacto_telef_nico__opcional____contacto_telephonique__optionel____phone_number__optional_\"\r\n                    placeholder=\"\"\r\n                    value=\"\"\r\n                    size=\"40\"\r\n                \/>\r\n\r\n                <span class=\"wpuf-wordlimit-message wpuf-help\"><\/span>\r\n                            <\/div>\r\n                    <\/li>\r\n                <li class=\"wpuf-el \" data-label=\"Custom HTML\">\r\n            <div class=\"wpuf-fields html_609 wpuf__609\">\r\n                <div class=\"toggle-form toggle-form-pt\">\n<h2>Acampamento<\/h2>\n<p>Precisamos que nos digas algumas coisas para preparar a tua estadia da melhor forma. Recorda que deves trazer contigo todo o material que precisas para acampar.<\/p>\n<\/div>\n<div class=\"toggle-form toggle-form-fr\">\n<h2>Camp<\/h2>\n<p>Nous avons besoin que tu nous dises quelques choses pour pr\u00e9parer au mieux ton s\u00e9jour. N'oublie pas que tu dois apporter avec toi tout le mat\u00e9riel dont tu as besoin pour camper. <\/p>\n<\/div>\n<div class=\"toggle-form toggle-form-en\">\n<h2>Camp<\/h2>\n<p>We need some information to prepare your stay in the best way possible. Remember you should bring with you all the camping material necessary.            <\/div>\r\n\r\n        <\/li>\r\n                <li class=\"wpuf-el em_que_dias_precisas_de_s_tio_para_dormir_em_covas_do_barroso____quels_jours_t_en_as_besoin_d_un_endroit_pour_dormir___covas_do_barroso__which_days_do_you_need_a_place_to_sleep_in_covas_do_barroso_ field-size-large\" data-label=\"Em que dias precisas de s\u00edtio para dormir em Covas do Barroso? \/ Quels jours t&#039;en as besoin d&#039;un endroit pour dormir \u00e0 Covas do Barroso? Which days do you need a place to sleep in Covas do Barroso?\">\r\n                    <div class=\"wpuf-label\">\r\n            <label for=\"em_que_dias_precisas_de_s_tio_para_dormir_em_covas_do_barroso____quels_jours_t_en_as_besoin_d_un_endroit_pour_dormir___covas_do_barroso__which_days_do_you_need_a_place_to_sleep_in_covas_do_barroso__609\">Em que dias precisas de s\u00edtio para dormir em Covas do Barroso? \/ Quels jours t&#039;en as besoin d&#039;un endroit pour dormir \u00e0 Covas do Barroso? Which days do you need a place to sleep in Covas do Barroso? <span class=\"required\">*<\/span><\/label>\r\n        <\/div>\r\n        \r\n                        <div class=\"wpuf-fields\" data-required=\"yes\" data-type=\"radio\">\r\n\r\n                                        <label class=\"wpuf-checkbox-block\">\r\n                            <input type=\"checkbox\" class=\"wpuf_em_que_dias_precisas_de_s_tio_para_dormir_em_covas_do_barroso____quels_jours_t_en_as_besoin_d_un_endroit_pour_dormir___covas_do_barroso__which_days_do_you_need_a_place_to_sleep_in_covas_do_barroso__609\" name=\"em_que_dias_precisas_de_s_tio_para_dormir_em_covas_do_barroso____quels_jours_t_en_as_besoin_d_un_endroit_pour_dormir___covas_do_barroso__which_days_do_you_need_a_place_to_sleep_in_covas_do_barroso_[]\" value=\"12_agosto_\/_ao\u00fbt_\/_august\" \/>\r\n                            12 Agosto \/ Ao\u00fbt \/ August                        <\/label>\r\n                                                <label class=\"wpuf-checkbox-block\">\r\n                            <input type=\"checkbox\" class=\"wpuf_em_que_dias_precisas_de_s_tio_para_dormir_em_covas_do_barroso____quels_jours_t_en_as_besoin_d_un_endroit_pour_dormir___covas_do_barroso__which_days_do_you_need_a_place_to_sleep_in_covas_do_barroso__609\" name=\"em_que_dias_precisas_de_s_tio_para_dormir_em_covas_do_barroso____quels_jours_t_en_as_besoin_d_un_endroit_pour_dormir___covas_do_barroso__which_days_do_you_need_a_place_to_sleep_in_covas_do_barroso_[]\" value=\"13_agosto_\/_ao\u00fbt\/_august\" \/>\r\n                            13 Agosto \/ Ao\u00fbt\/ August                        <\/label>\r\n                                                <label class=\"wpuf-checkbox-block\">\r\n                            <input type=\"checkbox\" class=\"wpuf_em_que_dias_precisas_de_s_tio_para_dormir_em_covas_do_barroso____quels_jours_t_en_as_besoin_d_un_endroit_pour_dormir___covas_do_barroso__which_days_do_you_need_a_place_to_sleep_in_covas_do_barroso__609\" name=\"em_que_dias_precisas_de_s_tio_para_dormir_em_covas_do_barroso____quels_jours_t_en_as_besoin_d_un_endroit_pour_dormir___covas_do_barroso__which_days_do_you_need_a_place_to_sleep_in_covas_do_barroso_[]\" value=\"14_agosto_\/_ao\u00fbt\/_august\" \/>\r\n                            14 Agosto \/ Ao\u00fbt\/ August                        <\/label>\r\n                                                <label class=\"wpuf-checkbox-block\">\r\n                            <input type=\"checkbox\" class=\"wpuf_em_que_dias_precisas_de_s_tio_para_dormir_em_covas_do_barroso____quels_jours_t_en_as_besoin_d_un_endroit_pour_dormir___covas_do_barroso__which_days_do_you_need_a_place_to_sleep_in_covas_do_barroso__609\" name=\"em_que_dias_precisas_de_s_tio_para_dormir_em_covas_do_barroso____quels_jours_t_en_as_besoin_d_un_endroit_pour_dormir___covas_do_barroso__which_days_do_you_need_a_place_to_sleep_in_covas_do_barroso_[]\" value=\"15_agosto_\/_ao\u00fbt\/_august\" \/>\r\n                            15 Agosto \/ Ao\u00fbt\/ August                        <\/label>\r\n                        \r\n                \r\n            <\/div>\r\n        <\/li>\r\n                <li class=\"wpuf-el como_dormes____comment_tu_dors__how_do_you_sleep_ field-size-large\" data-label=\"Como dormes? \/ Comment tu dors? How do you sleep?\">\r\n                    <div class=\"wpuf-label\">\r\n            <label for=\"como_dormes____comment_tu_dors__how_do_you_sleep__609\">Como dormes? \/ Comment tu dors? How do you sleep?<\/label>\r\n        <\/div>\r\n        \r\n                        <div class=\"wpuf-fields\" data-required=\"no\" data-type=\"radio\">\r\n\r\n                \r\n                        <label class=\"wpuf-radio-block\">\r\n                            <input\r\n                                name=\"como_dormes____comment_tu_dors__how_do_you_sleep_\"\r\n                                class=\"wpuf_como_dormes____comment_tu_dors__how_do_you_sleep__609\"\r\n                                type=\"radio\"\r\n                                value=\"trago_a_minha_tenda,_s\u00f3_preciso_de_uma_sombra!_\/__je_rammene_ma_tente,_j&#039;ai_juste_besoin_d&#039;une_zone_ombrag\u00e9e!_\/_i_bring_my_own_tent,_just_need_a_shade!\"                            \/>\r\n                            Trago a minha tenda, s\u00f3 preciso de uma sombra! \/  Je rammene ma tente, j'ai juste besoin d'une zone ombrag\u00e9e! \/ I bring my own tent, just need a shade!                        <\/label>\r\n                        \r\n                        <label class=\"wpuf-radio-block\">\r\n                            <input\r\n                                name=\"como_dormes____comment_tu_dors__how_do_you_sleep_\"\r\n                                class=\"wpuf_como_dormes____comment_tu_dors__how_do_you_sleep__609\"\r\n                                type=\"radio\"\r\n                                value=\"venho_de_carrinha_ou_auto-caravana._\/__je_viens_en_fourgon_ou_auto-caravane._\/_i&#039;m_coming_in_a_van_or_campervan.\"                            \/>\r\n                            Venho de carrinha ou auto-caravana. \/  Je viens en fourgon ou auto-caravane. \/ I'm coming in a van or campervan.                        <\/label>\r\n                        \r\n                        <label class=\"wpuf-radio-block\">\r\n                            <input\r\n                                name=\"como_dormes____comment_tu_dors__how_do_you_sleep_\"\r\n                                class=\"wpuf_como_dormes____comment_tu_dors__how_do_you_sleep__609\"\r\n                                type=\"radio\"\r\n                                value=\"outro?_(tens_saco_de_cama,_mas_n\u00e3o_tens_tenda?_procuras_outra_solu\u00e7\u00e3o_para_dormir?_informa-nos_na_caixa_de_observa\u00e7\u00f5es_mais_abaixo.__vamos_tentar_arranjar_uma_solu\u00e7\u00e3o)._\/_autres?_(t&#039;en_as_un_sac_\u00e0_couchage,_mais_pas_de_tente?_tu_cherches_une_autre_solution_pour_dormir?_renseigne-nous_dans_la_bo\u00eete_\u00e0_obervations_la_dessous._on_verra_pour_trouver_une_solution._\/_other._(dou_you_have_a_sleeping_bag,_but_no_tent?_looking_for_other_sleeping_arrangements?_let_us_know_in_the_observations_box_below._we&#039;ll_try_to_figure_out_a_solution.)\"                            \/>\r\n                            Outro? (Tens saco de cama, mas n\u00e3o tens tenda? Procuras outra solu\u00e7\u00e3o para dormir? Informa-nos na caixa de observa\u00e7\u00f5es mais abaixo.  Vamos tentar arranjar uma solu\u00e7\u00e3o). \/ Autres? (T'en as un sac \u00e0 couchage, mais pas de tente? Tu cherches une autre solution pour dormir? Renseigne-nous dans la bo\u00eete \u00e0 obervations la dessous. On verra pour trouver une solution. \/ Other. (Dou you have a sleeping bag, but no tent? Looking for other sleeping arrangements? Let us know in the observations box below. We'll try to figure out a solution.)                        <\/label>\r\n                        \r\n                \r\n            <\/div>\r\n        <\/li>\r\n                <li class=\"wpuf-el \" data-label=\"Custom HTML\">\r\n            <div class=\"wpuf-fields html_609 wpuf__609\">\r\n                <div class=\"toggle-form toggle-form-pt\">\n<h2>Alimenta\u00e7\u00e3o<\/h2>\n<p><b>Cozinharemos em conjunto todas as refei\u00e7\u00f5es, tendo como base a dieta vegan. <\/b> Traz o teu copo, talheres e pratos, n\u00f3s disponibilizamos lava-loi\u00e7as. No entanto, se quiseres comer por tua conta, podes faz\u00ea-lo,  <b>haver\u00e1 um espa\u00e7o \u00e0 disposi\u00e7\u00e3o para que utilizes o teu fogareiro. N\u00e3o ser\u00e1 permitido o uso de fog\u00f5es de exterior noutras zonas do acampamento para diminuir o risco de inc\u00eandio<\/b>. Os restaurantes mais pr\u00f3ximos encontram-se a 15-20 minutos de carro. \n<\/p>\n<h2>Importante<\/h2>\n<p>O acampamento n\u00e3o ter\u00e1 um custo fixo de participa\u00e7\u00e3o. No entanto, precisamos de comprar comida que cozinharmos entre todas. Por isso, pedimos uma contribui\u00e7\u00e3o m\u00ednima de 3\u20ac (pequeno almo\u00e7o, almo\u00e7o e jantar) por cada dia que acampes.<\/p>\n<p>Poder\u00e1s entregar-nos o valor das refei\u00e7\u00f5es ao chegares ao acampamento. No entanto, se tiveres oportunidade de o transferir antes, agradecemos. Podes fazer a transfer\u00eancia para a conta que encontrar\u00e1s <a href=\"https:\/\/barrososemminas.org\/2021\/apoiar\/donativos\/\" target=\"_blank\">aqui<\/a>. N\u00e3o te esque\u00e7as de nos enviar o comprovativo!<\/p>\n\n<p>Se n\u00e3o puderes contribuir, podes vir na mesma que n\u00e3o ficar\u00e1s sem comer : )<\/p>\n<\/div>\n\n<div class=\"toggle-form toggle-form-fr\">\n<h2>Alimentation<\/h2>\n<p>Nous cuisinerons tous les repas ensemble, sur la base du r\u00e9gime vegan. Rammennez vos verres, vos couverts et vos assiettes, nous mettons \u00e0 votre disposition un \u00e9vier. Cependant, si vous souhaitez manger par vous m\u00eames, vous pouvez le faire, il y aura un espace disponible pour que vous puissiez utiliser votre po\u00eale. L'utilisation de r\u00e9chauds ext\u00e9rieurs dans d'autres zones du camp ne sera pas autoris\u00e9e pour r\u00e9duire le risque d'incendie. Les restaurants les plus proches sont \u00e0 15-20 minutes en voiture. \n<\/p>\n<h2>Importante<\/h2>\n<p>      Le camp n'aura pas de co\u00fbt fixe de participation. Cependant, nous devons acheter de la nourriture que nous cuisinerons avec tout le monde. Du coup, nous demandons une contribution minimale de 3 \u20ac (petit-d\u00e9jeuner, d\u00e9jeuner et d\u00eener) pour chaque jour de camp. \n      Tu pourras nous donner la valeur des repas \u00e0 votre arriv\u00e9e au camp. Cependant, si tu as la possibilit\u00e9 de faire un virement avant, on te le remercie. Tu peux le faire sur le compte que tu trouveras <a href=\"https:\/\/barrososemminas.org\/2021\/apoiar\/donativos\/\" target=\"_blank\">ici<\/a>. N'oublie pas de nous envoyer le ticket stp ! \n      Si tu ne pourras pas contribuer financi\u00e8rement, viens comm\u00eame, tu auras a manger comme tout le monde :)<\/p>\n<\/div>\n<div class=\"toggle-form toggle-form-en\">\n<h2>Food<\/h2>\n<p>We will cook all the meals together, based on the vegan diet. Bring your glass, cutlery and dishes, we provide dishwasher space. However, if you want to eat on your own, you can, there will be a space available for you to use your stove. The use of outdoor stoves in other areas of the camp will not be allowed to reduce the risk of fire. The nearest restaurants are 15-20 minutes away by car.\n<\/p>\n<h2>Important<\/h2>\n<p>  The camp will not have a fixed cost of participation. However, we need to buy food to cook among all. Therefore, we ask for a minimum contribution of \u20ac3 (breakfast, lunch and dinner) for each day you camp. You can give us the value of the meals when you arrive. However, if you have the opportunity to transfer it sooner, we would appreciate it. You can make the transfer to the account you will find <a href=\"https:\/\/barrososemminas.org\/2021\/apoiar\/donativos\/\" target=\"_blank\">here<\/a>. Don't forget to send us the proof! \n \nIf you can't contribute, you can still come and you won't go hungry :)            <\/div>\r\n\r\n        <\/li>\r\n                <li class=\"wpuf-el que_tipo_de_alimenta__o_fazes____quel_genre_d_alimentation_tu_fais__what_s_your_diet_ field-size-large\" data-label=\"Que tipo de alimenta\u00e7\u00e3o fazes? \/ Quel genre d&#039;alimentation tu fais? What&#039;s your diet?\">\r\n                    <div class=\"wpuf-label\">\r\n            <label for=\"que_tipo_de_alimenta__o_fazes____quel_genre_d_alimentation_tu_fais__what_s_your_diet__609\">Que tipo de alimenta\u00e7\u00e3o fazes? \/ Quel genre d&#039;alimentation tu fais? What&#039;s your diet?<\/label>\r\n        <\/div>\r\n        \r\n                        <div class=\"wpuf-fields\" data-required=\"no\" data-type=\"radio\">\r\n\r\n                \r\n                        <label class=\"wpuf-radio-block\">\r\n                            <input\r\n                                name=\"que_tipo_de_alimenta__o_fazes____quel_genre_d_alimentation_tu_fais__what_s_your_diet_\"\r\n                                class=\"wpuf_que_tipo_de_alimenta__o_fazes____quel_genre_d_alimentation_tu_fais__what_s_your_diet__609\"\r\n                                type=\"radio\"\r\n                                value=\"como_um_pouco_de_tudo._\/_je_mange_un_peu_de_tout._\/_i_eat_a_bit_of_everything.\"                            \/>\r\n                            como um pouco de tudo. \/ Je mange un peu de tout. \/ I eat a bit of everything.                        <\/label>\r\n                        \r\n                        <label class=\"wpuf-radio-block\">\r\n                            <input\r\n                                name=\"que_tipo_de_alimenta__o_fazes____quel_genre_d_alimentation_tu_fais__what_s_your_diet_\"\r\n                                class=\"wpuf_que_tipo_de_alimenta__o_fazes____quel_genre_d_alimentation_tu_fais__what_s_your_diet__609\"\r\n                                type=\"radio\"\r\n                                value=\"sou_vegetariana_ou_vegana._\/_je_suis_vegetarien.ne_ou_vegan._\/_i&#039;m_vegetarian_or_vegan.\"                            \/>\r\n                            sou vegetariana ou vegana. \/ Je suis vegetarien.ne ou vegan. \/ I'm vegetarian or vegan.                        <\/label>\r\n                        \r\n                        <label class=\"wpuf-radio-block\">\r\n                            <input\r\n                                name=\"que_tipo_de_alimenta__o_fazes____quel_genre_d_alimentation_tu_fais__what_s_your_diet_\"\r\n                                class=\"wpuf_que_tipo_de_alimenta__o_fazes____quel_genre_d_alimentation_tu_fais__what_s_your_diet__609\"\r\n                                type=\"radio\"\r\n                                value=\"como_por_minha_conta_(li_e_entendi_as_restri\u00e7\u00f5es_descritas)._\/_je_fais_a_manger_par_moi_m\u00eame_(j&#039;ai_lu_et_compris_les_rectriction_d\u00e9crites_dessus)._i_eat_my_own_food_(i_have_read_and_understood_the_restrictions_above).\"                            \/>\r\n                            como por minha conta (li e entendi as restri\u00e7\u00f5es descritas). \/ Je fais a manger par moi m\u00eame (j'ai lu et compris les rectriction d\u00e9crites dessus). I eat my own food (I have read and understood the restrictions above).                        <\/label>\r\n                        \r\n                \r\n            <\/div>\r\n        <\/li>\r\n                <li class=\"wpuf-el tens_alguma_alergia____t_as_des_allergies____do_you_have_any_allergies_ field-size-large\" data-label=\"Tens alguma alergia? \/ T&#039;as des allergies? \/ Do you have any allergies?\">\r\n                    <div class=\"wpuf-label\">\r\n            <label for=\"tens_alguma_alergia____t_as_des_allergies____do_you_have_any_allergies__609\">Tens alguma alergia? \/ T&#039;as des allergies? \/ Do you have any allergies?<\/label>\r\n        <\/div>\r\n        \r\n            <div class=\"wpuf-fields\">\r\n                <input\r\n                    class=\"textfield wpuf_tens_alguma_alergia____t_as_des_allergies____do_you_have_any_allergies__609\"\r\n                    id=\"tens_alguma_alergia____t_as_des_allergies____do_you_have_any_allergies__609\"\r\n                    type=\"text\"\r\n                    data-duplicate=\"no\"\r\n                    data-required=\"no\"\r\n                    data-type=\"text\" name=\"tens_alguma_alergia____t_as_des_allergies____do_you_have_any_allergies_\"\r\n                    placeholder=\"\"\r\n                    value=\"\"\r\n                    size=\"40\"\r\n                \/>\r\n\r\n                <span class=\"wpuf-wordlimit-message wpuf-help\"><\/span>\r\n                            <\/div>\r\n                    <\/li>\r\n                <li class=\"wpuf-el undefined_copy\" data-label=\"Custom HTML\">\r\n            <div class=\"wpuf-fields html_609 wpuf_undefined_copy_609\">\r\n                <div class=\"toggle-form toggle-form-pt\">\n<h2>Transporte<\/h2>\n<p>Est\u00e1s prestes a viajar a um pequeno para\u00edso escondido. E como todos os para\u00edsos, o problema \u00e9 chegar at\u00e9 l\u00e1!\n<p>Ajuda-nos a perceber como planeias viajar at\u00e9 Covas do Barroso. A aldeia fica no concelho de Boticas, a aproximadamente 450km de Lisboa e 140km do Porto. Podes ver a localiza\u00e7\u00e3o <a href=\"https:\/\/osm.org\/go\/b80vPP~B-?m=\">aqui<\/a>.\n<h2>Importante<\/h2>\n<p>A forma mais simples de chegares a Covas do Barroso \u00e9 de carro. Se vens de transportes p\u00fablicos, a melhor alternativa \u00e9 viajares de autocarro at\u00e9 Chaves e, da\u00ed, apanhar outro autocarro at\u00e9 Covas (a liga\u00e7\u00e3o Chaves - Covas do Barroso - Chaves n\u00e3o funciona aos fins-de-semana).<\/p>\n<p>\n\n<\/b><\/p>\n<p> Para mais informa\u00e7\u00f5es  de como chegar clica <a href=\"https:\/\/barrososemminas.org\/2021\/apoiar\/como-chegar\/\" target=\"_blank\">aqui<\/a>.<\/p>\n<\/div>\n\n<div class=\"toggle-form toggle-form-fr\">\n<h2>Transport<\/h2>\n<p>      T'est sur le sur le point de voyager dans un petit paradis cach\u00e9. Et comme tous les paradis, le probl\u00e8me est d'y parvenir ! \n      Aides-nous \u00e0 comprendre comment tu pr\u00e9vois de voyager \u00e0 Covas do Barroso. Le village se trouve dans la municipalit\u00e9 de Boticas, \u00e0 environ 450 km de Lisbonne et 140 km de Porto. \n\nVous pouvez voir l'emplacement <a href=\"https:\/\/osm.org\/go\/b80vPP~B-?m=\">ici<\/a>.\n<h2>Important<\/h2>\n<p>      Le moyen le plus simple pour se rendre \u00e0 Covas do Barroso est en voiture. Si tu viens en transports en commun, la meilleure alternative est de prendre en bus jusqu'\u00e0 Chaves et, \u00e0 partir de l\u00e0, prendre un autre bus jusqu'\u00e0 Covas (la liaison Chaves - Covas do Barroso - Chaves ne fonctionne pas le week-end). \n      \n\n      Pour plus d'information de comment y arriver cliquez sur <a href=\"https:\/\/barrososemminas.org\/2021\/apoiar\/como-chegar\/\" target=\"_blank\">ce lien<\/a>.<\/p>\n<\/div>\n<div class=\"toggle-form toggle-form-en\">\n<h2>Transportation<\/h2>\n<p> You are about to travel to a little hidden paradise. And like all paradises, the problem is getting there! \nHelp us understand how you plan to travel to Covas do Barroso. The village is in the municipality of Boticas, approximately 450km from Lisbon and 140km from Porto. You can see the location <a href=\"https:\/\/osm.org\/go\/b80vPP~B-?m=\">here<\/a>.\n<h2>Important<\/h2>\n<p> The simplest way to get to Covas do Barroso is by car. If you come by public transport, the best alternative is to travel by bus to Chaves and, from there, take another bus to Covas (the connection Chaves - Covas do Barroso - Chaves does not work on weekends). \nFor more information on how to get there, click <a href=\"https:\/\/osm.org\/go\/b80vPP~B-?m=\">here<\/a>.            <\/div>\r\n\r\n        <\/li>\r\n                <li class=\"wpuf-el como_pensas_viajar_at__ao_acampamento____comment_tu_penses_de_voyager_jusqu_au_camp____how_do_you_plan_to_travel_to_the_camp_ field-size-large\" data-label=\"Como pensas viajar at\u00e9 ao acampamento? \/ Comment tu penses de voyager jusqu&#039;au camp? \/ How do you plan to travel to the camp?\">\r\n                    <div class=\"wpuf-label\">\r\n            <label for=\"como_pensas_viajar_at__ao_acampamento____comment_tu_penses_de_voyager_jusqu_au_camp____how_do_you_plan_to_travel_to_the_camp__609\">Como pensas viajar at\u00e9 ao acampamento? \/ Comment tu penses de voyager jusqu&#039;au camp? \/ How do you plan to travel to the camp?<\/label>\r\n        <\/div>\r\n        \r\n                        <div class=\"wpuf-fields\" data-required=\"no\" data-type=\"radio\">\r\n\r\n                \r\n                        <label class=\"wpuf-radio-block\">\r\n                            <input\r\n                                name=\"como_pensas_viajar_at__ao_acampamento____comment_tu_penses_de_voyager_jusqu_au_camp____how_do_you_plan_to_travel_to_the_camp_\"\r\n                                class=\"wpuf_como_pensas_viajar_at__ao_acampamento____comment_tu_penses_de_voyager_jusqu_au_camp____how_do_you_plan_to_travel_to_the_camp__609\"\r\n                                type=\"radio\"\r\n                                value=\"vou_de_carro._\/__en_voiture._\/_by_car.\"                            \/>\r\n                            Vou de carro. \/  En voiture. \/ By car.                        <\/label>\r\n                        \r\n                        <label class=\"wpuf-radio-block\">\r\n                            <input\r\n                                name=\"como_pensas_viajar_at__ao_acampamento____comment_tu_penses_de_voyager_jusqu_au_camp____how_do_you_plan_to_travel_to_the_camp_\"\r\n                                class=\"wpuf_como_pensas_viajar_at__ao_acampamento____comment_tu_penses_de_voyager_jusqu_au_camp____how_do_you_plan_to_travel_to_the_camp__609\"\r\n                                type=\"radio\"\r\n                                value=\"_vou_de_transportes_p\u00fablicos._\/_en_transports_en_commum._\/_by_public_transportation.\"                            \/>\r\n                             Vou de transportes p\u00fablicos. \/ En transports en commum. \/ By public transportation.                        <\/label>\r\n                        \r\n                        <label class=\"wpuf-radio-block\">\r\n                            <input\r\n                                name=\"como_pensas_viajar_at__ao_acampamento____comment_tu_penses_de_voyager_jusqu_au_camp____how_do_you_plan_to_travel_to_the_camp_\"\r\n                                class=\"wpuf_como_pensas_viajar_at__ao_acampamento____comment_tu_penses_de_voyager_jusqu_au_camp____how_do_you_plan_to_travel_to_the_camp__609\"\r\n                                type=\"radio\"\r\n                                value=\"boleia,_bicicleta_ou_outro..._\/_auto-stop,_v\u00e9lo_ou_autre..._\/_hitchhiking,_bike,_other.\"                            \/>\r\n                            Boleia, bicicleta ou outro... \/ Auto-stop, v\u00e9lo ou autre... \/ Hitchhiking, bike, other.                        <\/label>\r\n                        \r\n                \r\n            <\/div>\r\n        <\/li>\r\n                <li class=\"wpuf-el se_vais_de_carro_para_o_acampamento__tens_lugares_dispon_veis__se_sim__quantos____si_tu_vas_en_voiture_jusqu_au_camp__t_as_des_places_disponibles__si_oui__combien_de_places____if_you_re_driving_to_camp__do_you_have_any_extra_seats__how_many_ field-size-large\" data-label=\"Se vais de carro para o acampamento, tens lugares dispon\u00edveis? Se sim, quantos? \/ Si tu vas en voiture jusqu&#039;au camp, t&#039;as des places disponibles? Si oui, combien de places? \/ If you&#039;re driving to camp, do you have any extra seats? How many?\">\r\n                    <div class=\"wpuf-label\">\r\n            <label for=\"se_vais_de_carro_para_o_acampamento__tens_lugares_dispon_veis__se_sim__quantos____si_tu_vas_en_voiture_jusqu_au_camp__t_as_des_places_disponibles__si_oui__combien_de_places____if_you_re_driving_to_camp__do_you_have_any_extra_seats__how_many__609\">Se vais de carro para o acampamento, tens lugares dispon\u00edveis? Se sim, quantos? \/ Si tu vas en voiture jusqu&#039;au camp, t&#039;as des places disponibles? Si oui, combien de places? \/ If you&#039;re driving to camp, do you have any extra seats? How many?<\/label>\r\n        <\/div>\r\n        \r\n            <div class=\"wpuf-fields\">\r\n                <input\r\n                    class=\"textfield wpuf_se_vais_de_carro_para_o_acampamento__tens_lugares_dispon_veis__se_sim__quantos____si_tu_vas_en_voiture_jusqu_au_camp__t_as_des_places_disponibles__si_oui__combien_de_places____if_you_re_driving_to_camp__do_you_have_any_extra_seats__how_many__609\"\r\n                    id=\"se_vais_de_carro_para_o_acampamento__tens_lugares_dispon_veis__se_sim__quantos____si_tu_vas_en_voiture_jusqu_au_camp__t_as_des_places_disponibles__si_oui__combien_de_places____if_you_re_driving_to_camp__do_you_have_any_extra_seats__how_many__609\"\r\n                    type=\"text\"\r\n                    data-duplicate=\"no\"\r\n                    data-required=\"no\"\r\n                    data-type=\"text\" name=\"se_vais_de_carro_para_o_acampamento__tens_lugares_dispon_veis__se_sim__quantos____si_tu_vas_en_voiture_jusqu_au_camp__t_as_des_places_disponibles__si_oui__combien_de_places____if_you_re_driving_to_camp__do_you_have_any_extra_seats__how_many_\"\r\n                    placeholder=\"\"\r\n                    value=\"\"\r\n                    size=\"40\"\r\n                \/>\r\n\r\n                <span class=\"wpuf-wordlimit-message wpuf-help\"><\/span>\r\n                            <\/div>\r\n                    <\/li>\r\n                <li class=\"wpuf-el tens_alguma_proposta_para_atividade_ou_performance_art_stica____t_en_as_une_propposition_d_activit__ou_performance_artistique____do_you_have_any_proposals_for_an_artistic_activity_or_performance_ field-size-large\" data-label=\"Tens alguma proposta para atividade ou performance art\u00edstica? \/ T&#039;en as une propposition d&#039;activit\u00e9 ou performance artistique? \/ Do you have any proposals for an artistic activity or performance?\">\r\n                    <div class=\"wpuf-label\">\r\n            <label for=\"tens_alguma_proposta_para_atividade_ou_performance_art_stica____t_en_as_une_propposition_d_activit__ou_performance_artistique____do_you_have_any_proposals_for_an_artistic_activity_or_performance__609\">Tens alguma proposta para atividade ou performance art\u00edstica? \/ T&#039;en as une propposition d&#039;activit\u00e9 ou performance artistique? \/ Do you have any proposals for an artistic activity or performance?<\/label>\r\n        <\/div>\r\n                                    <div class=\"wpuf-fields\">\r\n            \r\n                                    <textarea\r\n                        class=\"textareafield  wpuf_tens_alguma_proposta_para_atividade_ou_performance_art_stica____t_en_as_une_propposition_d_activit__ou_performance_artistique____do_you_have_any_proposals_for_an_artistic_activity_or_performance__609\"\r\n                        id=\"tens_alguma_proposta_para_atividade_ou_performance_art_stica____t_en_as_une_propposition_d_activit__ou_performance_artistique____do_you_have_any_proposals_for_an_artistic_activity_or_performance__609\"\r\n                        name=\"tens_alguma_proposta_para_atividade_ou_performance_art_stica____t_en_as_une_propposition_d_activit__ou_performance_artistique____do_you_have_any_proposals_for_an_artistic_activity_or_performance_\"\r\n                        data-required=\"no\"\r\n                        data-type=\"textarea\"\r\n                        placeholder=\"\"\r\n                        rows=\"5\"\r\n                        cols=\"25\"\r\n                    ><\/textarea>\r\n                    <span class=\"wpuf-wordlimit-message wpuf-help\"><\/span>\r\n\r\n                \r\n                        <\/li>\r\n                <li class=\"wpuf-el tens_algum_coment_rio_e_ou_perguntas____t_en_as_un_commentaire_et_ou_des_demandes____do_you_have_any_comments_and_or_queries_ field-size-large\" data-label=\"Tens algum coment\u00e1rio e\/ou perguntas? \/ T&#039;en as un commentaire et\/ou des demandes? \/ Do you have any comments and\/or queries?\">\r\n                    <div class=\"wpuf-label\">\r\n            <label for=\"tens_algum_coment_rio_e_ou_perguntas____t_en_as_un_commentaire_et_ou_des_demandes____do_you_have_any_comments_and_or_queries__609\">Tens algum coment\u00e1rio e\/ou perguntas? \/ T&#039;en as un commentaire et\/ou des demandes? \/ Do you have any comments and\/or queries?<\/label>\r\n        <\/div>\r\n                                    <div class=\"wpuf-fields\">\r\n            \r\n                                    <textarea\r\n                        class=\"textareafield  wpuf_tens_algum_coment_rio_e_ou_perguntas____t_en_as_un_commentaire_et_ou_des_demandes____do_you_have_any_comments_and_or_queries__609\"\r\n                        id=\"tens_algum_coment_rio_e_ou_perguntas____t_en_as_un_commentaire_et_ou_des_demandes____do_you_have_any_comments_and_or_queries__609\"\r\n                        name=\"tens_algum_coment_rio_e_ou_perguntas____t_en_as_un_commentaire_et_ou_des_demandes____do_you_have_any_comments_and_or_queries_\"\r\n                        data-required=\"no\"\r\n                        data-type=\"textarea\"\r\n                        placeholder=\"\"\r\n                        rows=\"5\"\r\n                        cols=\"25\"\r\n                    ><\/textarea>\r\n                    <span class=\"wpuf-wordlimit-message wpuf-help\"><\/span>\r\n\r\n                \r\n                        <\/li>\r\n                <li class=\"wpuf-el custom_html_4\" data-label=\"Custom HTML\">\r\n            <div class=\"wpuf-fields html_609 wpuf_custom_html_4_609\">\r\n                <script>\ndocument.getElementById('_s_um_robot__148').value = 'Se \u00e9s um humano n\u00e3o apagues isto.';\n<\/script>            <\/div>\r\n\r\n        <\/li>\r\n                <li class=\"wpuf-el custom_html_4_copy\" data-label=\"Custom HTML\">\r\n            <div class=\"wpuf-fields html_609 wpuf_custom_html_4_copy_609\">\r\n                <script>\ndocument.getElementById('_s_um_robot__148').value = 'Se \u00e9s um humano n\u00e3o apagues isto.';\n<\/script>            <\/div>\r\n\r\n        <\/li>\r\n                <li class=\"wpuf-el custom_html_6\" data-label=\"Custom HTML\">\r\n            <div class=\"wpuf-fields html_609 wpuf_custom_html_6_609\">\r\n                <br>            <\/div>\r\n\r\n        <\/li>\r\n                <li class=\"wpuf-submit\">\r\n            <div class=\"wpuf-label\">\r\n                &nbsp;\r\n            <\/div>\r\n\r\n            <input type=\"hidden\" id=\"_wpnonce\" name=\"_wpnonce\" value=\"8142252704\" \/><input type=\"hidden\" name=\"_wp_http_referer\" value=\"\/2021\/wp-json\/wp\/v2\/pages\/633\" \/>\r\n            <input type=\"hidden\" name=\"form_id\" value=\"609\">\r\n            <input type=\"hidden\" name=\"page_id\" value=\"633\">\r\n            <input type=\"hidden\" name=\"action\" value=\"weforms_frontend_submit\">\r\n\r\n                            <input type=\"hidden\" name=\"weforms-front-report\" value=\"no\">\r\n            \r\n            \r\n            <input type=\"submit\" class=\"weforms_submit_btn wpuf_submit_609\" name=\"submit\" value=\"Inscreve-te\" \/>\r\n\r\n        <\/li>\r\n                <\/ul>\r\n\r\n        <\/form>\r\n\r\n        <\/code><\/p>\n","protected":false},"excerpt":{"rendered":"","protected":false},"author":1,"featured_media":0,"parent":0,"menu_order":0,"comment_status":"closed","ping_status":"closed","template":"","meta":[],"_links":{"self":[{"href":"https:\/\/barrososemminas.org\/2021\/wp-json\/wp\/v2\/pages\/633"}],"collection":[{"href":"https:\/\/barrososemminas.org\/2021\/wp-json\/wp\/v2\/pages"}],"about":[{"href":"https:\/\/barrososemminas.org\/2021\/wp-json\/wp\/v2\/types\/page"}],"author":[{"embeddable":true,"href":"https:\/\/barrososemminas.org\/2021\/wp-json\/wp\/v2\/users\/1"}],"replies":[{"embeddable":true,"href":"https:\/\/barrososemminas.org\/2021\/wp-json\/wp\/v2\/comments?post=633"}],"version-history":[{"count":1,"href":"https:\/\/barrososemminas.org\/2021\/wp-json\/wp\/v2\/pages\/633\/revisions"}],"predecessor-version":[{"id":634,"href":"https:\/\/barrososemminas.org\/2021\/wp-json\/wp\/v2\/pages\/633\/revisions\/634"}],"wp:attachment":[{"href":"https:\/\/barrososemminas.org\/2021\/wp-json\/wp\/v2\/media?parent=633"}],"curies":[{"name":"wp","href":"https:\/\/api.w.org\/{rel}","templated":true}]}}