{"id":478,"date":"2021-08-03T23:55:28","date_gmt":"2021-08-03T23:55:28","guid":{"rendered":"https:\/\/barrososemminas.org\/2021\/?page_id=478"},"modified":"2021-08-03T23:55:29","modified_gmt":"2021-08-03T23:55:29","slug":"mencoes-na-imprensa","status":"publish","type":"page","link":"https:\/\/barrososemminas.org\/2021\/mencoes-na-imprensa\/","title":{"rendered":"Men\u00e7\u00f5es na Imprensa"},"content":{"rendered":"<div id=\"wppb-builder-container\" class=\"wppb-builder-container\">                <div  class=\"wppb-row-parent  wppb-row-1628693871050 \"  >\n\t\t\t\t\t\n\t\t\t\t\t\t\t\t\t\t\n\t\t\t\t\t\t\t\t\t\t\n\t\t\t\t\t<div class=\"wppb-container \">\n\t\t\t\t\t\t\t\t\t\t\t\t\t\n                        <div class=\"wppb-row\">\n\t\t\t\t\t\t\t                                    <div  class=\"wppb-column-parent wppb-column-parent-view wppb-col-1628693871049  \"  >\n                                        <div class=\"wppb-column\">\n\t\t\t\t\t\n\t\t\t\t\t\t\t\t\t\t\t\n                                            <div class=\"wppb-builder-addons\">\n\t\t\t\t\t\t\t\t\t\t\t\t<div class='wppb-builder-addon wppb-addon-1628034951822'  data-addon-id='1628034951822'><div class='wppb-addon'><div class=\"wppb-person-addon\"><div class=\"wppb-person-addon-content person-layout-three\"><div class=\"wppb-person-media\"><div class=\"wppb-person-image\"><img class=\"wppb-person-addon-img\" src=\"https:\/\/barrososemminas.org\/2021\/wp-content\/uploads\/2021\/08\/cropped-logoalgranonegrosembrandoladuda_300x300.png\" alt=\"[PORTUGAL] ACAMPADA EN DEFENSA DEL BARROSO \u00a1No a las minas, s\u00ed a la vida!\"><\/div><div class=\"wppb-person-media-body\"><div class=\"wppb-person-information\"><span class=\"wppb-person-name\"><a  href=\"https:\/\/www.algranoextremadura.org\/internacional\/2021\/08\/11\/portugal-acampada-en-defensa-del-barroso-no-a-las-minas-si-a-la-vida\/\" target=_blank>[PORTUGAL] ACAMPADA EN DEFENSA DEL BARROSO \u00a1No a las minas, s\u00ed a la vida!<\/a><\/span><div class=\"wppb-person-introtext\">Algrana, Extremadura  - Agosto 11, 2021<\/div><\/div><\/div><\/div><\/div><\/div><\/div><\/div>                                            <\/div>\n                                        <\/div>\n                                    <\/div>\n\t\t\t\t\t\t\t\t\t                        <\/div>\n\n                    <\/div>\n                <\/div>\n\t\t\t\t                <div  class=\"wppb-row-parent  wppb-row-1628034930481 \"  >\n\t\t\t\t\t\n\t\t\t\t\t\t\t\t\t\t\n\t\t\t\t\t\t\t\t\t\t\n\t\t\t\t\t<div class=\"wppb-container \">\n\t\t\t\t\t\t\t\t\t\t\t\t\t\n                        <div class=\"wppb-row\">\n\t\t\t\t\t\t\t                                    <div  class=\"wppb-column-parent wppb-column-parent-view wppb-col-1628034930480  \"  >\n                                        <div class=\"wppb-column\">\n\t\t\t\t\t\n\t\t\t\t\t\t\t\t\t\t\t\n                                            <div class=\"wppb-builder-addons\">\n\t\t\t\t\t\t\t\t\t\t\t\t<div class='wppb-builder-addon wppb-addon-1628693614646'  data-addon-id='1628693614646'><div class='wppb-addon'><div class=\"wppb-person-addon\"><div class=\"wppb-person-addon-content person-layout-three\"><div class=\"wppb-person-media\"><div class=\"wppb-person-image\"><img class=\"wppb-person-addon-img\" src=\"https:\/\/barrososemminas.org\/2021\/wp-content\/uploads\/2021\/08\/guilhotina.png\" alt=\" Portugal \/\/ Em Defesa dos Montes: Ver\u00e3o quente no Barroso\"><\/div><div class=\"wppb-person-media-body\"><div class=\"wppb-person-information\"><span class=\"wppb-person-name\"><a  href=\"https:\/\/guilhotina.info\/en\/2021\/07\/29\/camp-barroso-mines\/\" target=_blank> Portugal \/\/ Em Defesa dos Montes: Ver\u00e3o quente no Barroso<\/a><\/span><span class=\"wppb-person-designation\">\u00abEste Agosto ser\u00e1 um m\u00eas de luta contra os projectos extractivistas que pretendem transformar o Barroso num campo de minas. Depois de 3 anos de organiza\u00e7\u00e3o, sensibiliza\u00e7\u00e3o e luta, come\u00e7a agora uma nova jornada de mobiliza\u00e7\u00f5es em v\u00e1rias partes desta regi\u00e3o com fortes tradi\u00e7\u00f5es agr\u00edcolas e comunit\u00e1rias. A chegada \u00e0 fase final de aprova\u00e7\u00e3o do projecto de mina da Savannah em Covas do Barroso, agora nas m\u00e3os da APA, \u00e9 o mote para v\u00e1rias aldeias, vilas e cidades voltarem a tomar as ruas, os montes e os campos em defesa do seu territ\u00f3rio.\u00bb<\/span><div class=\"wppb-person-introtext\">Guilhotina.info - Agosto 7, 2021<\/div><\/div><ul class=\"wppb-person-social\"><\/ul><\/div><\/div><\/div><\/div><\/div><\/div>                                            <\/div>\n                                        <\/div>\n                                    <\/div>\n\t\t\t\t\t\t\t\t\t                        <\/div>\n\n                    <\/div>\n                <\/div>\n\t\t\t\t                <div  class=\"wppb-row-parent  wppb-row-1628342595764 \"  >\n\t\t\t\t\t\n\t\t\t\t\t\t\t\t\t\t\n\t\t\t\t\t\t\t\t\t\t\n\t\t\t\t\t<div class=\"wppb-container \">\n\t\t\t\t\t\t\t\t\t\t\t\t\t\n                        <div class=\"wppb-row\">\n\t\t\t\t\t\t\t                                    <div  class=\"wppb-column-parent wppb-column-parent-view wppb-col-1628342595765  \"  >\n                                        <div class=\"wppb-column\">\n\t\t\t\t\t\n\t\t\t\t\t\t\t\t\t\t\t\n                                            <div class=\"wppb-builder-addons\">\n\t\t\t\t\t\t\t\t\t\t\t\t<div class='wppb-builder-addon wppb-addon-1628342595766'  data-addon-id='1628342595766'><div class='wppb-addon'><div class=\"wppb-person-addon\"><div class=\"wppb-person-addon-content person-layout-three\"><div class=\"wppb-person-media\"><div class=\"wppb-person-image\"><img class=\"wppb-person-addon-img\" src=\"https:\/\/barrososemminas.org\/2021\/wp-content\/uploads\/2021\/08\/mapa.png\" alt=\"Barroso: o Ver\u00e3o aquece\"><\/div><div class=\"wppb-person-media-body\"><div class=\"wppb-person-information\"><span class=\"wppb-person-name\"><a  href=\"https:\/\/www.jornalmapa.pt\/2021\/08\/04\/barroso-o-verao-aquece\/\" target=_blank>Barroso: o Ver\u00e3o aquece<\/a><\/span><span class=\"wppb-person-designation\">\u00abPrecisamos de actuar, e precisamos de faz\u00ea-lo juntas! Gentes do Barroso, gentes de outros territ\u00f3rios amea\u00e7ados, em Portugal e no Mundo, e todas as pessoas que queiram solidarizar-se com esta luta. Convidamos-vos para acampar em Covas do Barroso, entre 14 e 18 de Agosto de 2021. Acampamos para dar a conhecer a nossa luta e o nosso modo de vida, para que partilhemos e aprendamos com as experi\u00eancias de outros lugares. Para que juntas possamos organizar ac\u00e7\u00f5es futuras\u00bb.<\/span><div class=\"wppb-person-introtext\">Jornal Mapa - 04 Agosto, 2021<\/div><\/div><ul class=\"wppb-person-social\"><\/ul><\/div><\/div><\/div><\/div><\/div><\/div>                                            <\/div>\n                                        <\/div>\n                                    <\/div>\n\t\t\t\t\t\t\t\t\t                        <\/div>\n\n                    <\/div>\n                <\/div>\n\t\t\t\t                <div  class=\"wppb-row-parent  wppb-row-1628101097548 \"  >\n\t\t\t\t\t\n\t\t\t\t\t\t\t\t\t\t\n\t\t\t\t\t\t\t\t\t\t\n\t\t\t\t\t<div class=\"wppb-container \">\n\t\t\t\t\t\t\t\t\t\t\t\t\t\n                        <div class=\"wppb-row\">\n\t\t\t\t\t\t\t                                    <div  class=\"wppb-column-parent wppb-column-parent-view wppb-col-1628101097549  \"  >\n                                        <div class=\"wppb-column\">\n\t\t\t\t\t\n\t\t\t\t\t\t\t\t\t\t\t\n                                            <div class=\"wppb-builder-addons\">\n\t\t\t\t\t\t\t\t\t\t\t\t<div class='wppb-builder-addon wppb-addon-1628101097550'  data-addon-id='1628101097550'><div class='wppb-addon'><div class=\"wppb-person-addon\"><div class=\"wppb-person-addon-content person-layout-three\"><div class=\"wppb-person-media\"><div class=\"wppb-person-image\"><img class=\"wppb-person-addon-img\" src=\"https:\/\/barrososemminas.org\/2021\/wp-content\/uploads\/2021\/08\/batt.jpg\" alt=\"Protesto contra as minas no Barroso com tratores, caminhadas e &quot;acampada&quot;\"><\/div><div class=\"wppb-person-media-body\"><div class=\"wppb-person-information\"><span class=\"wppb-person-name\"><a  href=\"https:\/\/www.tsf.pt\/portugal\/sociedade\/protesto-contra-as-minas-no-barroso-com-tratores-caminhadas-e-acampada-14002093.html\" target=_blank>Protesto contra as minas no Barroso com tratores, caminhadas e \"acampada\"<\/a><\/span><span class=\"wppb-person-designation\">O objetivo \u00e9 \"mostrar a oposi\u00e7\u00e3o das popula\u00e7\u00f5es\" \u00e0 inten\u00e7\u00e3o da empresa Miner\u00e1lia em explorar volfr\u00e2mio na Borralha.<\/span><div class=\"wppb-person-introtext\">TSF - R\u00e1dio Not\u00edcias - 03 Agosto, 2021<\/div><\/div><ul class=\"wppb-person-social\"><\/ul><\/div><\/div><\/div><\/div><\/div><\/div>                                            <\/div>\n                                        <\/div>\n                                    <\/div>\n\t\t\t\t\t\t\t\t\t                        <\/div>\n\n                    <\/div>\n                <\/div>\n\t\t\t\t                <div  class=\"wppb-row-parent  wppb-row-1628182820787 \"  >\n\t\t\t\t\t\n\t\t\t\t\t\t\t\t\t\t\n\t\t\t\t\t\t\t\t\t\t\n\t\t\t\t\t<div class=\"wppb-container \">\n\t\t\t\t\t\t\t\t\t\t\t\t\t\n                        <div class=\"wppb-row\">\n\t\t\t\t\t\t\t                                    <div  class=\"wppb-column-parent wppb-column-parent-view wppb-col-1628182820788  \"  >\n                                        <div class=\"wppb-column\">\n\t\t\t\t\t\n\t\t\t\t\t\t\t\t\t\t\t\n                                            <div class=\"wppb-builder-addons\">\n\t\t\t\t\t\t\t\t\t\t\t\t<div class='wppb-builder-addon wppb-addon-1628182820789'  data-addon-id='1628182820789'><div class='wppb-addon'><div class=\"wppb-icon-addon\"><div class=\"wppb-icon-content\"><span class=\"wppb-icon-inner\"><a  href=\"https:\/\/social.coletivos.org\/@barrososemminas\" target=_blank><i class=\"fab fa-mastodon\"><\/i><\/a><\/span><\/div><\/div><\/div><\/div><div class='wppb-builder-addon wppb-addon-1628182820790'  data-addon-id='1628182820790'><div class='wppb-addon'><div class=\"wppb-raw-html-addon\"><div class=\"wppb-raw-html-content\"><p><\/p>\n<a href=\"https:\/\/social.coletivos.org\/@barrososemminas\">Mastodon<\/a><\/div><\/div><\/div><\/div>                                            <\/div>\n                                        <\/div>\n                                    <\/div>\n\t\t\t\t\t\t\t\t\t                                    <div  class=\"wppb-column-parent wppb-column-parent-view wppb-col-1628182820791  \"  >\n                                        <div class=\"wppb-column\">\n\t\t\t\t\t\n\t\t\t\t\t\t\t\t\t\t\t\n                                            <div class=\"wppb-builder-addons\">\n\t\t\t\t\t\t\t\t\t\t\t\t<div class='wppb-builder-addon wppb-addon-1628182820792'  data-addon-id='1628182820792'><div class='wppb-addon'><div class=\"wppb-icon-addon\"><div class=\"wppb-icon-content\"><span class=\"wppb-icon-inner\"><a  href=\"https:\/\/instagram.com\/barrososemminas?utm_medium=copy_link\" ><i class=\"fab fa-instagram\"><\/i><\/a><\/span><\/div><\/div><\/div><\/div><div class='wppb-builder-addon wppb-addon-1628182820793'  data-addon-id='1628182820793'><div class='wppb-addon'><div class=\"wppb-raw-html-addon\"><div class=\"wppb-raw-html-content\"><p><\/p>\n<a href=\"https:\/\/instagram.com\/barrososemminas?utm_medium=copy_link\">Instagram<\/a><\/div><\/div><\/div><\/div>                                            <\/div>\n                                        <\/div>\n                                    <\/div>\n\t\t\t\t\t\t\t\t\t                                    <div  class=\"wppb-column-parent wppb-column-parent-view wppb-col-1628182820794  \"  >\n                                        <div class=\"wppb-column\">\n\t\t\t\t\t\n\t\t\t\t\t\t\t\t\t\t\t\n                                            <div class=\"wppb-builder-addons\">\n\t\t\t\t\t\t\t\t\t\t\t\t<div class='wppb-builder-addon wppb-addon-1628182820795'  data-addon-id='1628182820795'><div class='wppb-addon'><div class=\"wppb-image-addon\"><figure class=\"wppb-image-addon-content-wrap\"><div class=\"wppb-image-addon-content wppb-imginlineblock\"><img class=\"wppb-image-addon-img\" src=\"https:\/\/barrososemminas.org\/2021\/wp-content\/uploads\/2021\/08\/peertube.png\" alt=\"Peertube\"><\/div><\/figure><\/div><\/div><\/div><div class='wppb-builder-addon wppb-addon-1628182820796'  data-addon-id='1628182820796'><div class='wppb-addon'><div class=\"wppb-raw-html-addon\"><div class=\"wppb-raw-html-content\"><p><\/p>\n<a href=\"https:\/\/videos.coletivos.org\/video-channels\/acampada\/videos\">Peertube<\/a><\/div><\/div><\/div><\/div>                                            <\/div>\n                                        <\/div>\n                                    <\/div>\n\t\t\t\t\t\t\t\t\t                                    <div  class=\"wppb-column-parent wppb-column-parent-view wppb-col-1628182820797  \"  >\n                                        <div class=\"wppb-column\">\n\t\t\t\t\t\n\t\t\t\t\t\t\t\t\t\t\t\n                                            <div class=\"wppb-builder-addons\">\n\t\t\t\t\t\t\t\t\t\t\t\t<div class='wppb-builder-addon wppb-addon-1628182820798'  data-addon-id='1628182820798'><div class='wppb-addon'><div class=\"wppb-icon-addon\"><div class=\"wppb-icon-content\"><span class=\"wppb-icon-inner\"><a  href=\"https:\/\/www.facebook.com\/acampamentoemdefesadobarroso\/\" ><i class=\"fab fa-facebook\"><\/i><\/a><\/span><\/div><\/div><\/div><\/div><div class='wppb-builder-addon wppb-addon-1628182820799'  data-addon-id='1628182820799'><div class='wppb-addon'><div class=\"wppb-raw-html-addon\"><div class=\"wppb-raw-html-content\"><p><\/p>\n<a href=\"https:\/\/www.facebook.com\/acampamentoemdefesadobarroso\/\">Facebook<\/a><\/div><\/div><\/div><\/div>                                            <\/div>\n                                        <\/div>\n                                    <\/div>\n\t\t\t\t\t\t\t\t\t                        <\/div>\n\n                    <\/div>\n                <\/div>\n\t\t\t\t<\/div>","protected":false},"excerpt":{"rendered":"<p>[PORTUGAL] ACAMPADA EN DEFENSA DEL BARROSO \u00a1No a las minas, s\u00ed a la vida!Algrana, Extremadura &#8211; Agosto 11, 2021 Portugal \/\/ Em Defesa dos Montes: Ver\u00e3o quente no Barroso\u00abEste Agosto ser\u00e1 um m\u00eas de luta contra os projectos extractivistas que pretendem transformar o Barroso num campo de minas. Depois de 3 anos de organiza\u00e7\u00e3o, sensibiliza\u00e7\u00e3o &hellip; <\/p>\n<p class=\"link-more\"><a href=\"https:\/\/barrososemminas.org\/2021\/mencoes-na-imprensa\/\" class=\"more-link\">Continue reading<span class=\"screen-reader-text\"> &#8220;Men\u00e7\u00f5es na Imprensa&#8221;<\/span><\/a><\/p>\n","protected":false},"author":1,"featured_media":0,"parent":0,"menu_order":0,"comment_status":"closed","ping_status":"closed","template":"wppb_theme_template","meta":[],"_links":{"self":[{"href":"https:\/\/barrososemminas.org\/2021\/wp-json\/wp\/v2\/pages\/478"}],"collection":[{"href":"https:\/\/barrososemminas.org\/2021\/wp-json\/wp\/v2\/pages"}],"about":[{"href":"https:\/\/barrososemminas.org\/2021\/wp-json\/wp\/v2\/types\/page"}],"author":[{"embeddable":true,"href":"https:\/\/barrososemminas.org\/2021\/wp-json\/wp\/v2\/users\/1"}],"replies":[{"embeddable":true,"href":"https:\/\/barrososemminas.org\/2021\/wp-json\/wp\/v2\/comments?post=478"}],"version-history":[{"count":1,"href":"https:\/\/barrososemminas.org\/2021\/wp-json\/wp\/v2\/pages\/478\/revisions"}],"predecessor-version":[{"id":480,"href":"https:\/\/barrososemminas.org\/2021\/wp-json\/wp\/v2\/pages\/478\/revisions\/480"}],"wp:attachment":[{"href":"https:\/\/barrososemminas.org\/2021\/wp-json\/wp\/v2\/media?parent=478"}],"curies":[{"name":"wp","href":"https:\/\/api.w.org\/{rel}","templated":true}]}}